{"id":956,"date":"2022-06-30T14:28:24","date_gmt":"2022-06-30T14:28:24","guid":{"rendered":"http:\/\/uuee.ejercito.mil.uy\/eehh\/?page_id=956"},"modified":"2025-09-11T13:08:19","modified_gmt":"2025-09-11T13:08:19","slug":"fortaleza-general-artigas","status":"publish","type":"page","link":"https:\/\/uuee.ejercito.mil.uy\/eehh\/fortaleza-general-artigas\/","title":{"rendered":"Fortaleza General Artigas"},"content":{"rendered":"\n<div class=\"wp-block-cover alignfull\" style=\"min-height:555px;aspect-ratio:unset;\"><img loading=\"lazy\" decoding=\"async\" width=\"1024\" height=\"768\" class=\"wp-block-cover__image-background wp-image-1508\" alt=\"\" src=\"http:\/\/uuee.ejercito.mil.uy\/eehh\/wp-content\/uploads\/sites\/6\/2024\/07\/IMG-20240730-WA0017-1-1024x768.jpg\" data-object-fit=\"cover\" srcset=\"https:\/\/uuee.ejercito.mil.uy\/eehh\/wp-content\/uploads\/sites\/6\/2024\/07\/IMG-20240730-WA0017-1-1024x768.jpg 1024w, https:\/\/uuee.ejercito.mil.uy\/eehh\/wp-content\/uploads\/sites\/6\/2024\/07\/IMG-20240730-WA0017-1-300x225.jpg 300w, https:\/\/uuee.ejercito.mil.uy\/eehh\/wp-content\/uploads\/sites\/6\/2024\/07\/IMG-20240730-WA0017-1-768x576.jpg 768w, https:\/\/uuee.ejercito.mil.uy\/eehh\/wp-content\/uploads\/sites\/6\/2024\/07\/IMG-20240730-WA0017-1-1536x1152.jpg 1536w, https:\/\/uuee.ejercito.mil.uy\/eehh\/wp-content\/uploads\/sites\/6\/2024\/07\/IMG-20240730-WA0017-1.jpg 1600w\" sizes=\"auto, (max-width: 1024px) 100vw, 1024px\" \/><span aria-hidden=\"true\" class=\"wp-block-cover__background has-background-dim\"><\/span><div class=\"wp-block-cover__inner-container is-layout-flow wp-block-cover-is-layout-flow\">\n<p class=\"has-text-align-center has-nv-text-dark-bg-color has-text-color has-link-color has-large-font-size wp-elements-70cd15c45a585895992bd6cb70827501\">Fortaleza \u201cGeneral Artigas\u201d<\/p>\n\n\n\n<p class=\"has-text-align-center has-nv-text-dark-bg-color has-text-color has-link-color has-large-font-size wp-elements-c3b2e02fa1db1e65d56d66adbfdd04ea\">Horario de visita: Lunes a Domingo de 10:00 a 18:00 Horas<\/p>\n<\/div><\/div>\n\n\n\n<div style=\"height:100px\" aria-hidden=\"true\" class=\"wp-block-spacer\"><\/div>\n\n\n\n<div class=\"wp-block-group alignfull is-content-justification-center\" style=\"margin-top:0;margin-bottom:0\"><div class=\"wp-block-group__inner-container is-layout-constrained wp-block-group-is-layout-constrained\">\n<div style=\"height:var(--wp--preset--spacing--20)\" aria-hidden=\"true\" class=\"wp-block-spacer\"><\/div>\n\n\n\n<div style=\"height:var(--wp--preset--spacing--20)\" aria-hidden=\"true\" class=\"wp-block-spacer\"><\/div>\n<\/div><\/div>\n\n\n\n<p><\/p>\n\n\n\n<div class=\"wp-block-media-text alignfull is-stacked-on-mobile is-vertically-aligned-top\"><figure class=\"wp-block-media-text__media\"><img loading=\"lazy\" decoding=\"async\" width=\"1024\" height=\"576\" src=\"https:\/\/uuee.ejercito.mil.uy\/eehh\/wp-content\/uploads\/sites\/6\/2024\/12\/2024-12-16-Fortaleza-Gral-Artigas-CERRO-1-1024x576.jpg\" alt=\"\" class=\"wp-image-3230 size-full\" srcset=\"https:\/\/uuee.ejercito.mil.uy\/eehh\/wp-content\/uploads\/sites\/6\/2024\/12\/2024-12-16-Fortaleza-Gral-Artigas-CERRO-1-1024x576.jpg 1024w, https:\/\/uuee.ejercito.mil.uy\/eehh\/wp-content\/uploads\/sites\/6\/2024\/12\/2024-12-16-Fortaleza-Gral-Artigas-CERRO-1-300x169.jpg 300w, https:\/\/uuee.ejercito.mil.uy\/eehh\/wp-content\/uploads\/sites\/6\/2024\/12\/2024-12-16-Fortaleza-Gral-Artigas-CERRO-1-768x432.jpg 768w, https:\/\/uuee.ejercito.mil.uy\/eehh\/wp-content\/uploads\/sites\/6\/2024\/12\/2024-12-16-Fortaleza-Gral-Artigas-CERRO-1-1536x864.jpg 1536w, https:\/\/uuee.ejercito.mil.uy\/eehh\/wp-content\/uploads\/sites\/6\/2024\/12\/2024-12-16-Fortaleza-Gral-Artigas-CERRO-1.jpg 2048w\" sizes=\"auto, (max-width: 1024px) 100vw, 1024px\" \/><\/figure><div class=\"wp-block-media-text__content\">\n<h3 class=\"wp-block-heading has-text-align-center has-text-color\" style=\"color:#000000\"><strong>1809-1811: Construcci\u00f3n y Controversias<\/strong><\/h3>\n\n\n\n<p class=\"has-text-align-center has-extra-small-font-size\">Como consecuencia de la ca\u00edda de Montevideo durante la invasi\u00f3n Inglesa de 1807, el gobernador espa\u00f1ol Francisco Javier de El\u00edo decide complementar el sistema defensivo preexistente. Con dicho fin, plantea el emplazamiento de una fortificaci\u00f3n en el Cerro de Montevideo donde, desde 1801, existe un puesto de vigilancia y el faro. En 1809, el ingeniero militar Jos\u00e9 Antonio del Pozo y Marquy comienza la construcci\u00f3n sobre la base de un trazado pentagonal que envuelve la farola, con murallas de hasta nueve metros de altura, sin baluarte salientes ni foso, y la artiller\u00eda colocada \u201ca barbeta\u201d, sobre parapetos sin la protecci\u00f3n de troneras ni merlones. Si bien se tata de una posici\u00f3n dominante, la limitada posibilidad de fuego de los ca\u00f1ones disponibles en ese momento para alcanzar los puntos cr\u00edticos de la ciudad provoca diversas controversias. En 1811 comienza la Revoluci\u00f3n Oriental y esta edificaci\u00f3n, hecho con piedra del sitio y ladrillo y un per\u00edmetro de 182 metros, debe cumplir con sus funciones militares sin estar finalizada. Por ello, la puerta de acceso actual es la del obraje, pues no corresponde a la planteada en el plano original. Loa trabajos contin\u00faan hasta el Segundo Sitio de Montevideo (1812-1814), complementado la fortificaci\u00f3n con guardias externas, como la Casa de la P\u00f3lvora del Cerro, estructura que a\u00fan sobrevive.&nbsp;<\/p>\n<\/div><\/div>\n\n\n\n<div style=\"height:100px\" aria-hidden=\"true\" class=\"wp-block-spacer\"><\/div>\n\n\n\n<div class=\"wp-block-media-text alignfull is-stacked-on-mobile is-vertically-aligned-top\"><figure class=\"wp-block-media-text__media\"><img loading=\"lazy\" decoding=\"async\" width=\"1024\" height=\"768\" src=\"http:\/\/uuee.ejercito.mil.uy\/eehh\/wp-content\/uploads\/sites\/6\/2024\/08\/IMG-20240730-WA0020-1024x768.jpg\" alt=\"\" class=\"wp-image-1527 size-full\" srcset=\"https:\/\/uuee.ejercito.mil.uy\/eehh\/wp-content\/uploads\/sites\/6\/2024\/08\/IMG-20240730-WA0020-1024x768.jpg 1024w, https:\/\/uuee.ejercito.mil.uy\/eehh\/wp-content\/uploads\/sites\/6\/2024\/08\/IMG-20240730-WA0020-300x225.jpg 300w, https:\/\/uuee.ejercito.mil.uy\/eehh\/wp-content\/uploads\/sites\/6\/2024\/08\/IMG-20240730-WA0020-768x576.jpg 768w, https:\/\/uuee.ejercito.mil.uy\/eehh\/wp-content\/uploads\/sites\/6\/2024\/08\/IMG-20240730-WA0020-1536x1152.jpg 1536w, https:\/\/uuee.ejercito.mil.uy\/eehh\/wp-content\/uploads\/sites\/6\/2024\/08\/IMG-20240730-WA0020.jpg 1600w\" sizes=\"auto, (max-width: 1024px) 100vw, 1024px\" \/><\/figure><div class=\"wp-block-media-text__content\">\n<h3 class=\"wp-block-heading has-text-align-center has-text-color\" style=\"color:#000000\"><strong>1809-1811: Construcci\u00f3n y Controversias<\/strong><\/h3>\n\n\n\n<p class=\"has-text-align-center has-extra-small-font-size\">Como consecuencia de la ca\u00edda de Montevideo durante la invasi\u00f3n Inglesa de 1807, el gobernador espa\u00f1ol Francisco Javier de El\u00edo decide complementar el sistema defensivo preexistente. Con dicho fin, plantea el emplazamiento de una fortificaci\u00f3n en el Cerro de Montevideo donde, desde 1801, existe un puesto de vigilancia y el faro. En 1809, el ingeniero militar Jos\u00e9 Antonio del Pozo y Marquy comienza la construcci\u00f3n sobre la base de un trazado pentagonal que envuelve la farola, con murallas de hasta nueve metros de altura, sin baluarte salientes ni foso, y la artiller\u00eda colocada \u201ca barbeta\u201d, sobre parapetos sin la protecci\u00f3n de troneras ni merlones. Si bien se tata de una posici\u00f3n dominante, la limitada posibilidad de fuego de los ca\u00f1ones disponibles en ese momento para alcanzar los puntos cr\u00edticos de la ciudad provoca diversas controversias. En 1811 comienza la Revoluci\u00f3n Oriental y esta edificaci\u00f3n, hecho con piedra del sitio y ladrillo y un per\u00edmetro de 182 metros, debe cumplir con sus funciones militares sin estar finalizada. Por ello, la puerta de acceso actual es la del obraje, pues no corresponde a la planteada en el plano original. Loa trabajos contin\u00faan hasta el Segundo Sitio de Montevideo (1812-1814), complementado la fortificaci\u00f3n con guardias externas, como la Casa de la P\u00f3lvora del Cerro, estructura que a\u00fan sobrevive.&nbsp;<\/p>\n<\/div><\/div>\n\n\n\n<div style=\"height:100px\" aria-hidden=\"true\" class=\"wp-block-spacer\"><\/div>\n\n\n\n<div class=\"wp-block-media-text alignfull is-stacked-on-mobile is-vertically-aligned-top\"><figure class=\"wp-block-media-text__media\"><img loading=\"lazy\" decoding=\"async\" width=\"1024\" height=\"768\" src=\"http:\/\/uuee.ejercito.mil.uy\/eehh\/wp-content\/uploads\/sites\/6\/2024\/08\/IMG-20240730-WA0018-1024x768.jpg\" alt=\"\" class=\"wp-image-1529 size-full\" srcset=\"https:\/\/uuee.ejercito.mil.uy\/eehh\/wp-content\/uploads\/sites\/6\/2024\/08\/IMG-20240730-WA0018-1024x768.jpg 1024w, https:\/\/uuee.ejercito.mil.uy\/eehh\/wp-content\/uploads\/sites\/6\/2024\/08\/IMG-20240730-WA0018-300x225.jpg 300w, https:\/\/uuee.ejercito.mil.uy\/eehh\/wp-content\/uploads\/sites\/6\/2024\/08\/IMG-20240730-WA0018-768x576.jpg 768w, https:\/\/uuee.ejercito.mil.uy\/eehh\/wp-content\/uploads\/sites\/6\/2024\/08\/IMG-20240730-WA0018-1536x1152.jpg 1536w, https:\/\/uuee.ejercito.mil.uy\/eehh\/wp-content\/uploads\/sites\/6\/2024\/08\/IMG-20240730-WA0018.jpg 1600w\" sizes=\"auto, (max-width: 1024px) 100vw, 1024px\" \/><\/figure><div class=\"wp-block-media-text__content\">\n<h3 class=\"wp-block-heading has-text-align-center has-text-color\" style=\"color:#000000\"><strong>1814: Capitulaci\u00f3n de Montevideo<\/strong><\/h3>\n\n\n\n<p class=\"has-text-align-center has-extra-small-font-size\">A modo de corolario del Segundo Sitio de Montevideo, el coronel Carlos Mar\u00eda de Alvear, Inspector y General en Jefe del Ej\u00e9rcito del Este de las Provincias Unidas del R\u00edo de la Plata, negocia la capitulaci\u00f3n de la ciudad con su gobernador, Gaspar de Vigodet. El 22 de junio, como paso previo a rendir Montevideo, las fuerzas realistas entregan la fortificaci\u00f3n.&nbsp;<\/p>\n<\/div><\/div>\n\n\n\n<div style=\"height:100px\" aria-hidden=\"true\" class=\"wp-block-spacer\"><\/div>\n\n\n\n<div class=\"wp-block-media-text alignfull is-stacked-on-mobile is-vertically-aligned-top\"><figure class=\"wp-block-media-text__media\"><img loading=\"lazy\" decoding=\"async\" width=\"1024\" height=\"768\" src=\"http:\/\/uuee.ejercito.mil.uy\/eehh\/wp-content\/uploads\/sites\/6\/2024\/07\/IMG-20240730-WA0015-1024x768.jpg\" alt=\"\" class=\"wp-image-1504 size-full\" srcset=\"https:\/\/uuee.ejercito.mil.uy\/eehh\/wp-content\/uploads\/sites\/6\/2024\/07\/IMG-20240730-WA0015-1024x768.jpg 1024w, https:\/\/uuee.ejercito.mil.uy\/eehh\/wp-content\/uploads\/sites\/6\/2024\/07\/IMG-20240730-WA0015-300x225.jpg 300w, https:\/\/uuee.ejercito.mil.uy\/eehh\/wp-content\/uploads\/sites\/6\/2024\/07\/IMG-20240730-WA0015-768x576.jpg 768w, https:\/\/uuee.ejercito.mil.uy\/eehh\/wp-content\/uploads\/sites\/6\/2024\/07\/IMG-20240730-WA0015-1536x1152.jpg 1536w, https:\/\/uuee.ejercito.mil.uy\/eehh\/wp-content\/uploads\/sites\/6\/2024\/07\/IMG-20240730-WA0015.jpg 1600w\" sizes=\"auto, (max-width: 1024px) 100vw, 1024px\" \/><\/figure><div class=\"wp-block-media-text__content\">\n<h3 class=\"wp-block-heading has-text-align-center has-text-color\" style=\"color:#000000\"><strong>1826: Guerra del Brasil y la Emboscada de Oribe<\/strong><\/h3>\n\n\n\n<p class=\"has-text-align-center has-extra-small-font-size\">Durante la ocupaci\u00f3n luso-brasile\u00f1a, la fortificaci\u00f3n es remozada y alberga una guarnici\u00f3n considerable. Ya en el per\u00edodo de la Cruzada Libertadora (1825) y apenas iniciada la Guerra del Brasil (1825-1828), la caballer\u00eda del Ej\u00e9rcito Imperial hace pastar sus caballos al pie del Cerro, a una distancia fuera del tiro del ca\u00f1\u00f3n, con la posibilidad de replegarse hacia la fortaleza si es atacada. Advertido de esta situaci\u00f3n, Oribe prepara una emboscada. En la noche del 8 de febrero, oculta gran parte de sus fuerzas en los bajos y, a la ma\u00f1ana siguiente, los 300 jinetes brasile\u00f1os que descienden a alimentar su caballada s\u00f3lo divisan a lo lejos una peque\u00f1a partida que no los inquieta. De inmediato, Oribe da la se\u00f1al de ataque, que tarda en ser escuchada por la segunda compa\u00f1\u00eda del Regimiento de Dragones Libertadores, al mando del capit\u00e1n Manuel Mel\u00e9ndez. Un disparo de ca\u00f1\u00f3n desde la fortaleza alerta a los imperiales del movimiento enemigo, por lo que montan r\u00e1pidamente y huyen cerro arriba. En su trayecto desde el arroyo pantanoso hacia la cima, son perseguidos por los hombres de Oribe hasta la distancia de tiro de fusil desde las murallas. En el campo de batalla quedan 71 muertos y cuantioso armamento, valioso bot\u00edn para las fuerzas patriotas.<\/p>\n<\/div><\/div>\n\n\n\n<div style=\"height:100px\" aria-hidden=\"true\" class=\"wp-block-spacer\"><\/div>\n\n\n\n<div class=\"wp-block-media-text alignfull is-stacked-on-mobile is-vertically-aligned-top\"><figure class=\"wp-block-media-text__media\"><img loading=\"lazy\" decoding=\"async\" width=\"1024\" height=\"768\" src=\"http:\/\/uuee.ejercito.mil.uy\/eehh\/wp-content\/uploads\/sites\/6\/2024\/08\/IMG-20240730-WA0019-1024x768.jpg\" alt=\"\" class=\"wp-image-1528 size-full\" srcset=\"https:\/\/uuee.ejercito.mil.uy\/eehh\/wp-content\/uploads\/sites\/6\/2024\/08\/IMG-20240730-WA0019-1024x768.jpg 1024w, https:\/\/uuee.ejercito.mil.uy\/eehh\/wp-content\/uploads\/sites\/6\/2024\/08\/IMG-20240730-WA0019-300x225.jpg 300w, https:\/\/uuee.ejercito.mil.uy\/eehh\/wp-content\/uploads\/sites\/6\/2024\/08\/IMG-20240730-WA0019-768x576.jpg 768w, https:\/\/uuee.ejercito.mil.uy\/eehh\/wp-content\/uploads\/sites\/6\/2024\/08\/IMG-20240730-WA0019-1536x1152.jpg 1536w, https:\/\/uuee.ejercito.mil.uy\/eehh\/wp-content\/uploads\/sites\/6\/2024\/08\/IMG-20240730-WA0019.jpg 1600w\" sizes=\"auto, (max-width: 1024px) 100vw, 1024px\" \/><\/figure><div class=\"wp-block-media-text__content\">\n<h3 class=\"wp-block-heading has-text-align-center has-text-color\" style=\"color:#000000\"><strong>1826: Guerra del Brasil y la Emboscada de Oribe<\/strong><\/h3>\n\n\n\n<p class=\"has-text-align-center has-extra-small-font-size\">Durante la ocupaci\u00f3n luso-brasile\u00f1a, la fortificaci\u00f3n es remozada y alberga una guarnici\u00f3n considerable. Ya en el per\u00edodo de la Cruzada Libertadora (1825) y apenas iniciada la Guerra del Brasil (1825-1828), la caballer\u00eda del Ej\u00e9rcito Imperial hace pastar sus caballos al pie del Cerro, a una distancia fuera del tiro del ca\u00f1\u00f3n, con la posibilidad de replegarse hacia la fortaleza si es atacada. Advertido de esta situaci\u00f3n, Oribe prepara una emboscada. En la noche del 8 de febrero, oculta gran parte de sus fuerzas en los bajos y, a la ma\u00f1ana siguiente, los 300 jinetes brasile\u00f1os que descienden a alimentar su caballada s\u00f3lo divisan a lo lejos una peque\u00f1a partida que no los inquieta. De inmediato, Oribe da la se\u00f1al de ataque, que tarda en ser escuchada por la segunda compa\u00f1\u00eda del Regimiento de Dragones Libertadores, al mando del capit\u00e1n Manuel Mel\u00e9ndez. Un disparo de ca\u00f1\u00f3n desde la fortaleza alerta a los imperiales del movimiento enemigo, por lo que montan r\u00e1pidamente y huyen cerro arriba. En su trayecto desde el arroyo pantanoso hacia la cima, son perseguidos por los hombres de Oribe hasta la distancia de tiro de fusil desde las murallas. En el campo de batalla quedan 71 muertos y cuantioso armamento, valioso bot\u00edn para las fuerzas patriotas.<\/p>\n<\/div><\/div>\n\n\n\n<div style=\"height:100px\" aria-hidden=\"true\" class=\"wp-block-spacer\"><\/div>\n\n\n\n<div class=\"wp-block-media-text alignfull is-stacked-on-mobile is-vertically-aligned-top\"><figure class=\"wp-block-media-text__media\"><img loading=\"lazy\" decoding=\"async\" width=\"416\" height=\"599\" src=\"https:\/\/uuee.ejercito.mil.uy\/eehh\/wp-content\/uploads\/sites\/6\/2024\/12\/Screenshot_20231005_214537_1_-removebg-preview.png\" alt=\"\" class=\"wp-image-3220 size-full\" srcset=\"https:\/\/uuee.ejercito.mil.uy\/eehh\/wp-content\/uploads\/sites\/6\/2024\/12\/Screenshot_20231005_214537_1_-removebg-preview.png 416w, https:\/\/uuee.ejercito.mil.uy\/eehh\/wp-content\/uploads\/sites\/6\/2024\/12\/Screenshot_20231005_214537_1_-removebg-preview-208x300.png 208w\" sizes=\"auto, (max-width: 416px) 100vw, 416px\" \/><\/figure><div class=\"wp-block-media-text__content\">\n<h3 class=\"wp-block-heading has-text-align-center has-text-color\" style=\"color:#000000\"><strong>1829: Creaci\u00f3n del Escudo Nacional<\/strong><\/h3>\n\n\n\n<p class=\"has-text-align-center has-extra-small-font-size\">Se crea el Escudo Nacional que incorpora al Cerro de Montevideo como s\u00edmbolo de fuerza.&nbsp;<\/p>\n\n\n\n<h6 class=\"wp-block-heading\">1843: Guerra Grande y la Defensa de Montevideo<\/h6>\n\n\n\n<p class=\"has-text-align-center\">Desde el principio de la Guerra Grande (1839-1851), la fortaleza permanece en poder del Gobierno de la Defensa. El 10 de junio, tropas de la Guardia Nacional de Infanter\u00eda, del 4\u00b0 y 6\u00b0 de Cazadores y doscientos hombres de la Legi\u00f3n Italiana, al mando de Giuseppe Garibaldi, combaten y rechazan a las fuerzas del Gobierno del Cerrito, a las \u00f3rdenes del general N\u00fa\u00f1ez y el coronel Montoro, en las inmediaciones de la Casa de la P\u00f3lvora. De regreso a Montevideo, el mismo Pacheco manda formar a los italianos en la Plaza Constituci\u00f3n y pronuncia una patri\u00f3tica arenga. Ese es el pr\u00f3logo de los valiosos servicios que prestar\u00e1n Garibaldi y la Legi\u00f3n Italiana al Gobierno de la Defensa.<\/p>\n<\/div><\/div>\n\n\n\n<div style=\"height:100px\" aria-hidden=\"true\" class=\"wp-block-spacer\"><\/div>\n\n\n\n<div class=\"wp-block-media-text alignfull is-stacked-on-mobile is-vertically-aligned-top\"><figure class=\"wp-block-media-text__media\"><img loading=\"lazy\" decoding=\"async\" width=\"1024\" height=\"768\" src=\"http:\/\/uuee.ejercito.mil.uy\/eehh\/wp-content\/uploads\/sites\/6\/2024\/07\/IMG-20240730-WA0016-1024x768.jpg\" alt=\"\" class=\"wp-image-1506 size-full\" srcset=\"https:\/\/uuee.ejercito.mil.uy\/eehh\/wp-content\/uploads\/sites\/6\/2024\/07\/IMG-20240730-WA0016-1024x768.jpg 1024w, https:\/\/uuee.ejercito.mil.uy\/eehh\/wp-content\/uploads\/sites\/6\/2024\/07\/IMG-20240730-WA0016-300x225.jpg 300w, https:\/\/uuee.ejercito.mil.uy\/eehh\/wp-content\/uploads\/sites\/6\/2024\/07\/IMG-20240730-WA0016-768x576.jpg 768w, https:\/\/uuee.ejercito.mil.uy\/eehh\/wp-content\/uploads\/sites\/6\/2024\/07\/IMG-20240730-WA0016-1536x1152.jpg 1536w, https:\/\/uuee.ejercito.mil.uy\/eehh\/wp-content\/uploads\/sites\/6\/2024\/07\/IMG-20240730-WA0016.jpg 1600w\" sizes=\"auto, (max-width: 1024px) 100vw, 1024px\" \/><\/figure><div class=\"wp-block-media-text__content\">\n<h3 class=\"wp-block-heading has-text-align-center has-text-color\" style=\"color:#000000\"><strong>1870: Revoluci\u00f3n de las Lanzas<\/strong><\/h3>\n\n\n\n<p class=\"has-text-align-center has-extra-small-font-size\">En el marco de la Revoluci\u00f3n de las Lanzas (1870-1872), los barcos sublevados, liderados por Timoteo Aparicio contra el gobierno de Lorenzo Batlle, sitian Montevideo luego de vencer a los gobiernistas en las batallas de Paso Severino y Corralito. En la noche del 28 de noviembre, las fuerzas revolucionarias, comandadas por los coroneles Juan Salva\u00f1ach, M\u00e1ximo Layera y Jos\u00e9 L. Mendoza, se aproximan sigilosas por las laderas del Cerro a la espera del amanecer para asaltar la fortaleza. Aprovechando la oscuridad, cerca de 300 hombres munidos de escaleras y otros \u00fatiles se ocultan en las proximidades de las murallas. La guarnici\u00f3n del Cerro est\u00e1 al mando de Jos\u00e9 Mendoza y no llega al centenar de soldados, con algunos inv\u00e1lidos entre ellos. Iniciado el ataque, los rebeldes ingresan por varios puntos simult\u00e1neamente y sorprenden a la guardia y al resto de los hombres, que se rinden sin resistencia al verse totalmente rodeados. Este hecho tiene una gran repercusi\u00f3n propagand\u00edstica en favor a los rebeldes.<\/p>\n<\/div><\/div>\n\n\n\n<div style=\"height:100px\" aria-hidden=\"true\" class=\"wp-block-spacer\"><\/div>\n\n\n\n<div class=\"wp-block-media-text alignfull is-stacked-on-mobile is-vertically-aligned-top\"><figure class=\"wp-block-media-text__media\"><img loading=\"lazy\" decoding=\"async\" width=\"1024\" height=\"576\" src=\"https:\/\/uuee.ejercito.mil.uy\/eehh\/wp-content\/uploads\/sites\/6\/2024\/12\/2024-12-16-Fortaleza-Gral-Artigas-CERRO-27-fotor-20241219115719-1024x576.jpg\" alt=\"\" class=\"wp-image-3228 size-full\" srcset=\"https:\/\/uuee.ejercito.mil.uy\/eehh\/wp-content\/uploads\/sites\/6\/2024\/12\/2024-12-16-Fortaleza-Gral-Artigas-CERRO-27-fotor-20241219115719-1024x576.jpg 1024w, https:\/\/uuee.ejercito.mil.uy\/eehh\/wp-content\/uploads\/sites\/6\/2024\/12\/2024-12-16-Fortaleza-Gral-Artigas-CERRO-27-fotor-20241219115719-300x169.jpg 300w, https:\/\/uuee.ejercito.mil.uy\/eehh\/wp-content\/uploads\/sites\/6\/2024\/12\/2024-12-16-Fortaleza-Gral-Artigas-CERRO-27-fotor-20241219115719-768x432.jpg 768w, https:\/\/uuee.ejercito.mil.uy\/eehh\/wp-content\/uploads\/sites\/6\/2024\/12\/2024-12-16-Fortaleza-Gral-Artigas-CERRO-27-fotor-20241219115719-1536x864.jpg 1536w, https:\/\/uuee.ejercito.mil.uy\/eehh\/wp-content\/uploads\/sites\/6\/2024\/12\/2024-12-16-Fortaleza-Gral-Artigas-CERRO-27-fotor-20241219115719.jpg 2048w\" sizes=\"auto, (max-width: 1024px) 100vw, 1024px\" \/><\/figure><div class=\"wp-block-media-text__content\">\n<p><\/p>\n\n\n\n<h3 class=\"wp-block-heading has-text-align-center has-text-color\" style=\"color:#000000\"><strong>1860-1864: Funci\u00f3n de Lazareto<\/strong><\/h3>\n\n\n\n<p class=\"has-text-align-center has-extra-small-font-size\">La fortaleza oficia de lazareto para aplicar la cuarentena de aislamiento a los inmigrantes que llegan al pa\u00eds.<\/p>\n\n\n\n<h3 class=\"wp-block-heading\">1882: Renombramiento como Fortaleza General Artigas<\/h3>\n\n\n\n<p>Es rebautizada como Fortaleza General Artigas, en homenaje al pr\u00f3cer nacional.<\/p>\n\n\n\n<h3 class=\"wp-block-heading\">1885: Simulacro de Ataque<\/h3>\n\n\n\n<p>Con el objetivo de probar si la fortaleza a\u00fan sirve a sus fines militares, el Presidente M\u00e1ximo Santos ordena un simulacro de ataque con fuego de salva y, el 27 de enero, se lleva a cabo esta operaci\u00f3n fingida. Sin estar advertida de este ejercicio, la guarnici\u00f3n responde la agresi\u00f3n con fuego real. Por fortuna, el hecho no pasa a mayores y no se producen bajas.<\/p>\n<\/div><\/div>\n\n\n\n<div style=\"height:100px\" aria-hidden=\"true\" class=\"wp-block-spacer\"><\/div>\n\n\n\n<div class=\"wp-block-media-text alignfull is-stacked-on-mobile is-vertically-aligned-top\"><figure class=\"wp-block-media-text__media\"><img loading=\"lazy\" decoding=\"async\" width=\"1024\" height=\"576\" src=\"https:\/\/uuee.ejercito.mil.uy\/eehh\/wp-content\/uploads\/sites\/6\/2024\/12\/2024-12-16-Fortaleza-Gral-Artigas-CERRO-13-fotor-20241219111419-1024x576.jpg\" alt=\"\" class=\"wp-image-3229 size-full\" srcset=\"https:\/\/uuee.ejercito.mil.uy\/eehh\/wp-content\/uploads\/sites\/6\/2024\/12\/2024-12-16-Fortaleza-Gral-Artigas-CERRO-13-fotor-20241219111419-1024x576.jpg 1024w, https:\/\/uuee.ejercito.mil.uy\/eehh\/wp-content\/uploads\/sites\/6\/2024\/12\/2024-12-16-Fortaleza-Gral-Artigas-CERRO-13-fotor-20241219111419-300x169.jpg 300w, https:\/\/uuee.ejercito.mil.uy\/eehh\/wp-content\/uploads\/sites\/6\/2024\/12\/2024-12-16-Fortaleza-Gral-Artigas-CERRO-13-fotor-20241219111419-768x432.jpg 768w, https:\/\/uuee.ejercito.mil.uy\/eehh\/wp-content\/uploads\/sites\/6\/2024\/12\/2024-12-16-Fortaleza-Gral-Artigas-CERRO-13-fotor-20241219111419-1536x864.jpg 1536w, https:\/\/uuee.ejercito.mil.uy\/eehh\/wp-content\/uploads\/sites\/6\/2024\/12\/2024-12-16-Fortaleza-Gral-Artigas-CERRO-13-fotor-20241219111419-2048x1152.jpg 2048w\" sizes=\"auto, (max-width: 1024px) 100vw, 1024px\" \/><\/figure><div class=\"wp-block-media-text__content\">\n<p><\/p>\n\n\n\n<h3 class=\"wp-block-heading has-text-align-center has-text-color\" style=\"color:#000000\"><strong>1895-1907: Prisi\u00f3n Militar<\/strong><\/h3>\n\n\n\n<p>Convertida en prisi\u00f3n militar, alberga reos comunes y de m\u00e1xima peligrosidad.<\/p>\n\n\n\n<h3 class=\"wp-block-heading\">1930: Fin de su Funci\u00f3n Militar<\/h3>\n\n\n\n<p>Culmina su funci\u00f3n militar, que inclu\u00eda un vig\u00eda y una bater\u00eda para realizar salvas de honor en ocasi\u00f3n de visitas importantes y durante la puesta de sol diaria.<\/p>\n\n\n\n<h3 class=\"wp-block-heading\">1931: Declaraci\u00f3n como Monumento Nacional<\/h3>\n\n\n\n<p class=\"has-text-align-center has-extra-small-font-size\">El 6 de julio, es declarada Monumento Nacional por ley N\u00b08741 y se establece su restauraci\u00f3n por la comisi\u00f3n encargada de dichas tareas en la Fortaleza de Santa Teresa.<\/p>\n<\/div><\/div>\n\n\n\n<div style=\"height:100px\" aria-hidden=\"true\" class=\"wp-block-spacer\"><\/div>\n\n\n\n<div class=\"wp-block-media-text alignfull is-stacked-on-mobile is-vertically-aligned-top\"><figure class=\"wp-block-media-text__media\"><img loading=\"lazy\" decoding=\"async\" width=\"1024\" height=\"768\" src=\"https:\/\/uuee.ejercito.mil.uy\/eehh\/wp-content\/uploads\/sites\/6\/2024\/07\/IMG-20240730-WA0017-1-1024x768.jpg\" alt=\"\" class=\"wp-image-1508 size-full\" srcset=\"https:\/\/uuee.ejercito.mil.uy\/eehh\/wp-content\/uploads\/sites\/6\/2024\/07\/IMG-20240730-WA0017-1-1024x768.jpg 1024w, https:\/\/uuee.ejercito.mil.uy\/eehh\/wp-content\/uploads\/sites\/6\/2024\/07\/IMG-20240730-WA0017-1-300x225.jpg 300w, https:\/\/uuee.ejercito.mil.uy\/eehh\/wp-content\/uploads\/sites\/6\/2024\/07\/IMG-20240730-WA0017-1-768x576.jpg 768w, https:\/\/uuee.ejercito.mil.uy\/eehh\/wp-content\/uploads\/sites\/6\/2024\/07\/IMG-20240730-WA0017-1-1536x1152.jpg 1536w, https:\/\/uuee.ejercito.mil.uy\/eehh\/wp-content\/uploads\/sites\/6\/2024\/07\/IMG-20240730-WA0017-1.jpg 1600w\" sizes=\"auto, (max-width: 1024px) 100vw, 1024px\" \/><\/figure><div class=\"wp-block-media-text__content\">\n<h3 class=\"wp-block-heading has-text-align-center has-text-color\" style=\"color:#000000\"><strong>1939: Apertura como Museo Militar<\/strong><\/h3>\n\n\n\n<p>Finalizan los trabajos de reconstrucci\u00f3n seg\u00fan los lineamientos del per\u00edodo de la dominaci\u00f3n espa\u00f1ola. El 4 de agosto, se entrega la edificaci\u00f3n a las autoridades y, el 12 de octubre, la fortaleza abre sus puertas como Museo Militar, jerarqu\u00eda establecida por ley 1916.<\/p>\n\n\n\n<h3 class=\"wp-block-heading\">2015: Celebraci\u00f3n del Bicentenario<\/h3>\n\n\n\n<p class=\"has-text-align-center has-extra-small-font-size\">A modo de celebraci\u00f3n del bicentenario del gobierno del general Jos\u00e9 Gervasio Artigas en el Campamento de Purificaci\u00f3n, sede del Protectorado de los Pueblos Libres (1815-1818), se inaugura un m\u00e1stil de 25 metros de altura en el que se iza la bandera de Artigas, que diariamente flamea sobre Cerro de Montevideo.<\/p>\n<\/div><\/div>\n","protected":false},"excerpt":{"rendered":"<p>1809-1811: Construcci\u00f3n y Controversias Como consecuencia de la ca\u00edda de Montevideo durante la invasi\u00f3n Inglesa de 1807, el gobernador espa\u00f1ol Francisco Javier de El\u00edo decide complementar el sistema defensivo preexistente. Con dicho fin, plantea el emplazamiento de una fortificaci\u00f3n en el Cerro de Montevideo donde, desde 1801, existe un puesto de vigilancia y el faro.&hellip;&nbsp;<a href=\"https:\/\/uuee.ejercito.mil.uy\/eehh\/fortaleza-general-artigas\/\" rel=\"bookmark\">Leer m\u00e1s &raquo;<span class=\"screen-reader-text\">Fortaleza General Artigas<\/span><\/a><\/p>\n","protected":false},"author":1,"featured_media":0,"parent":0,"menu_order":0,"comment_status":"closed","ping_status":"closed","template":"","meta":{"neve_meta_sidebar":"","neve_meta_container":"","neve_meta_enable_content_width":"","neve_meta_content_width":0,"neve_meta_title_alignment":"","neve_meta_author_avatar":"","neve_post_elements_order":"","neve_meta_disable_header":"","neve_meta_disable_footer":"","neve_meta_disable_title":"on","_themeisle_gutenberg_block_has_review":false,"footnotes":""},"class_list":["post-956","page","type-page","status-publish","hentry"],"_links":{"self":[{"href":"https:\/\/uuee.ejercito.mil.uy\/eehh\/wp-json\/wp\/v2\/pages\/956","targetHints":{"allow":["GET"]}}],"collection":[{"href":"https:\/\/uuee.ejercito.mil.uy\/eehh\/wp-json\/wp\/v2\/pages"}],"about":[{"href":"https:\/\/uuee.ejercito.mil.uy\/eehh\/wp-json\/wp\/v2\/types\/page"}],"author":[{"embeddable":true,"href":"https:\/\/uuee.ejercito.mil.uy\/eehh\/wp-json\/wp\/v2\/users\/1"}],"replies":[{"embeddable":true,"href":"https:\/\/uuee.ejercito.mil.uy\/eehh\/wp-json\/wp\/v2\/comments?post=956"}],"version-history":[{"count":13,"href":"https:\/\/uuee.ejercito.mil.uy\/eehh\/wp-json\/wp\/v2\/pages\/956\/revisions"}],"predecessor-version":[{"id":3611,"href":"https:\/\/uuee.ejercito.mil.uy\/eehh\/wp-json\/wp\/v2\/pages\/956\/revisions\/3611"}],"wp:attachment":[{"href":"https:\/\/uuee.ejercito.mil.uy\/eehh\/wp-json\/wp\/v2\/media?parent=956"}],"curies":[{"name":"wp","href":"https:\/\/api.w.org\/{rel}","templated":true}]}}