{"id":776,"date":"2022-06-27T14:34:02","date_gmt":"2022-06-27T14:34:02","guid":{"rendered":"http:\/\/uuee.ejercito.mil.uy\/eehh\/?page_id=776"},"modified":"2025-05-27T14:05:05","modified_gmt":"2025-05-27T14:05:05","slug":"condecoraciones","status":"publish","type":"page","link":"https:\/\/uuee.ejercito.mil.uy\/eehh\/condecoraciones\/","title":{"rendered":"Condecoraciones"},"content":{"rendered":"\n<div id=\"wp-block-themeisle-blocks-advanced-columns-03c6b136\" class=\"wp-block-themeisle-blocks-advanced-columns alignfull has-1-columns has-desktop-equal-layout has-tablet-equal-layout has-mobile-equal-layout has-vertical-center\"><div class=\"wp-block-themeisle-blocks-advanced-columns-overlay\"><\/div><div class=\"innerblocks-wrap\">\n<div id=\"wp-block-themeisle-blocks-advanced-column-9b27f6e3\" class=\"wp-block-themeisle-blocks-advanced-column\">\n<h1 id=\"wp-block-themeisle-blocks-advanced-heading-269761fd\" class=\"wp-block-themeisle-blocks-advanced-heading wp-block-themeisle-blocks-advanced-heading-269761fd\">Condecoraciones<\/h1>\n<\/div>\n<\/div><\/div>\n\n\n\n<div style=\"height:100px\" aria-hidden=\"true\" class=\"wp-block-spacer\"><\/div>\n\n\n\n<div id=\"wp-block-themeisle-blocks-advanced-columns-a2946a77\" class=\"wp-block-themeisle-blocks-advanced-columns alignfull has-1-columns has-desktop-oneTwo-layout has-tablet-equal-layout has-mobile-collapsedRows-layout has-vertical-center ticss-a2946a77 has-dark-bg\"><div class=\"wp-block-themeisle-blocks-advanced-columns-overlay\"><\/div><div class=\"innerblocks-wrap\">\n<div id=\"wp-block-themeisle-blocks-advanced-column-92b2db05\" class=\"wp-block-themeisle-blocks-advanced-column\">\n<h2 id=\"wp-block-themeisle-blocks-advanced-heading-8f1f2647\" class=\"wp-block-themeisle-blocks-advanced-heading wp-block-themeisle-blocks-advanced-heading-8f1f2647\"><strong>UNA BREVE RESE\u00d1A DE LAS CONDECORACIONES DEL EJERCITO NACIONAL<\/strong><\/h2>\n\n\n\n<h3 class=\"wp-block-heading has-text-align-center\"><strong>Lic. Alicia B. Otero<\/strong><\/h3>\n\n\n\n<h3 class=\"wp-block-heading has-text-align-center\"><strong>&nbsp;Cap. (Eq) Mag. Jos\u00e9 M. Olivero<\/strong><\/h3>\n\n\n\n<p class=\"has-white-color has-text-color has-medium-font-size\" style=\"padding-right:0;padding-left:0\">El presente art\u00edculo, sobre el cual se han realizado algunas modificaciones y actualizaciones, sirvi\u00f3 de base al publicado en la Revista el Soldado a\u00f1o 33, No.174 mayo 2008 del Centro Militar.<\/p>\n\n\n\n<p class=\"has-white-color has-text-color has-medium-font-size\" style=\"padding-right:0;padding-left:0\"><\/p>\n\n\n\n<p class=\"has-small-font-size\" style=\"padding-right:0;padding-left:0\"><\/p>\n\n\n\n<p class=\"has-small-font-size\" style=\"padding-right:0;padding-left:0\"><\/p>\n<\/div>\n<\/div><\/div>\n\n\n\n<div style=\"height:100px\" aria-hidden=\"true\" class=\"wp-block-spacer\"><\/div>\n\n\n\n<div id=\"wp-block-themeisle-blocks-advanced-columns-f429bf02\" class=\"wp-block-themeisle-blocks-advanced-columns alignfull has-2-columns has-desktop-equal-layout has-tablet-equal-layout has-mobile-collapsedRows-layout has-vertical-top ticss-a2946a77 has-dark-bg\"><div class=\"wp-block-themeisle-blocks-advanced-columns-overlay\"><\/div><div class=\"innerblocks-wrap\">\n<div id=\"wp-block-themeisle-blocks-advanced-column-baecc58f\" class=\"wp-block-themeisle-blocks-advanced-column\">\n<p class=\"has-white-color has-text-color has-medium-font-size\" style=\"padding-right:0;padding-left:0\"><\/p>\n\n\n\n<figure class=\"wp-block-image size-full has-custom-border\"><img loading=\"lazy\" decoding=\"async\" width=\"596\" height=\"1024\" src=\"http:\/\/uuee.ejercito.mil.uy\/eehh\/wp-content\/uploads\/sites\/6\/2024\/11\/diploma_guerra_paraguay_1890-596x1024.jpg\" alt=\"\" class=\"wp-image-2832\" style=\"border-radius:5px\" srcset=\"https:\/\/uuee.ejercito.mil.uy\/eehh\/wp-content\/uploads\/sites\/6\/2024\/11\/diploma_guerra_paraguay_1890-596x1024.jpg 596w, https:\/\/uuee.ejercito.mil.uy\/eehh\/wp-content\/uploads\/sites\/6\/2024\/11\/diploma_guerra_paraguay_1890-175x300.jpg 175w, https:\/\/uuee.ejercito.mil.uy\/eehh\/wp-content\/uploads\/sites\/6\/2024\/11\/diploma_guerra_paraguay_1890-768x1319.jpg 768w, https:\/\/uuee.ejercito.mil.uy\/eehh\/wp-content\/uploads\/sites\/6\/2024\/11\/diploma_guerra_paraguay_1890-894x1536.jpg 894w, https:\/\/uuee.ejercito.mil.uy\/eehh\/wp-content\/uploads\/sites\/6\/2024\/11\/diploma_guerra_paraguay_1890-1192x2048.jpg 1192w, https:\/\/uuee.ejercito.mil.uy\/eehh\/wp-content\/uploads\/sites\/6\/2024\/11\/diploma_guerra_paraguay_1890-scaled.jpg 1491w\" sizes=\"auto, (max-width: 596px) 100vw, 596px\" \/><\/figure>\n\n\n\n<p class=\"has-small-font-size\" style=\"padding-right:0;padding-left:0\"><\/p>\n<\/div>\n\n\n\n<div id=\"wp-block-themeisle-blocks-advanced-column-88b6f09a\" class=\"wp-block-themeisle-blocks-advanced-column\">\n<h2 class=\"wp-block-heading has-text-align-center\">Introduccion<\/h2>\n\n\n\n<p class=\"has-medium-font-size\" style=\"padding-right:0;padding-left:0\">Debemos antes de comenzar con el tema espec\u00edfico que nos convoca, definir con mayor precisi\u00f3n, que consideramos como una \u201ccondecoraci\u00f3n\u201d<\/p>\n\n\n\n<p class=\"has-medium-font-size\" style=\"padding-right:0;padding-left:0\">En la definici\u00f3n que nos transmite la 22 edici\u00f3n del Diccionario de la Real Academia Espa\u00f1ola, la palabra condecoraci\u00f3n no nos dice mucho, simplemente es \u201c1. Acci\u00f3n y efecto de condecorar\u201d, o sino \u201c2. Cruz, venera u otra insignia semejante de honor y distinci\u00f3n\u201d. \u201cCondecorar\u201d a su vez, procedente del lat\u00edn \u201ccondecor\u0101re\u201d es considerado en su primera definici\u00f3n, que es la que nos interesa, \u201cDar a alguien honores o condecoraciones\u201d.<\/p>\n\n\n\n<p class=\"has-medium-font-size\" style=\"padding-right:0;padding-left:0\">La ciencia que estudia las condecoraciones se denomina \u201cFaler\u00edstica\u201d, nombre tomado de las condecoraciones entregadas al soldado romano (\u201cFalerae\u201d).<\/p>\n\n\n\n<p class=\"has-medium-font-size\" style=\"padding-right:0;padding-left:0\">Sin duda constituye, en su esencia un elemento que denota un honor o distinci\u00f3n concedida a alguien por acciones u obras relevantes.<\/p>\n\n\n\n<p class=\"has-medium-font-size\" style=\"padding-right:0;padding-left:0\">A su vez, y como ocurre en diferentes campos, estas condecoraciones, en muchos casos, constan de grados o elementos distintivos que indican la importancia del honor concedido o la situaci\u00f3n en la cual fue entregada. A la vez, se recuperan en ellas elementos simb\u00f3licos de la historia del pa\u00eds, como veremos en el caso uruguayo con la figura del General Artigas.<\/p>\n\n\n\n<p class=\"has-medium-font-size\" style=\"padding-right:0;padding-left:0\">Yendo a lo que podr\u00edamos considerar una condecoraci\u00f3n en sus elementos b\u00e1sicos, en nuestro pa\u00eds, en un inicio se compuso de tres:<\/p>\n\n\n\n<p class=\"has-medium-font-size\" style=\"padding-right:0;padding-left:0\">En primera instancia una venera, pieza met\u00e1lica, a la que llamada com\u00fanmente medalla, hablamos de escudo cuando se coloca en el brazo.<\/p>\n\n\n\n<p class=\"has-medium-font-size\" style=\"padding-right:0;padding-left:0\">La medalla a su vez esta sostenida por una cinta, el segundo elemento, sea para colocar en el uniforme o solapa del traje civil o para ser suspendida del cuello del recipiendario (en ese caso se llama encomienda).<\/p>\n\n\n\n<p class=\"has-white-color has-text-color has-medium-font-size\" style=\"padding-right:0;padding-left:0\"><\/p>\n<\/div>\n<\/div><\/div>\n\n\n\n<div style=\"height:100px\" aria-hidden=\"true\" class=\"wp-block-spacer\"><\/div>\n\n\n\n<div id=\"wp-block-themeisle-blocks-advanced-columns-12626337\" class=\"wp-block-themeisle-blocks-advanced-columns alignfull has-2-columns has-desktop-equal-layout has-tablet-equal-layout has-mobile-collapsedRows-layout has-vertical-top ticss-a2946a77 has-dark-bg\"><div class=\"wp-block-themeisle-blocks-advanced-columns-overlay\"><\/div><div class=\"innerblocks-wrap\">\n<div id=\"wp-block-themeisle-blocks-advanced-column-d026f49d\" class=\"wp-block-themeisle-blocks-advanced-column\">\n<p class=\"has-white-color has-text-color has-medium-font-size\" style=\"padding-right:0;padding-left:0\"><\/p>\n\n\n\n<figure class=\"wp-block-image size-full has-custom-border\"><img loading=\"lazy\" decoding=\"async\" width=\"1772\" height=\"2362\" src=\"http:\/\/uuee.ejercito.mil.uy\/eehh\/wp-content\/uploads\/sites\/6\/2024\/11\/Partes_Medalla_Merito_Militar-1.jpg\" alt=\"\" class=\"wp-image-2836\" style=\"border-radius:5px\" srcset=\"https:\/\/uuee.ejercito.mil.uy\/eehh\/wp-content\/uploads\/sites\/6\/2024\/11\/Partes_Medalla_Merito_Militar-1.jpg 1772w, https:\/\/uuee.ejercito.mil.uy\/eehh\/wp-content\/uploads\/sites\/6\/2024\/11\/Partes_Medalla_Merito_Militar-1-225x300.jpg 225w, https:\/\/uuee.ejercito.mil.uy\/eehh\/wp-content\/uploads\/sites\/6\/2024\/11\/Partes_Medalla_Merito_Militar-1-768x1024.jpg 768w, https:\/\/uuee.ejercito.mil.uy\/eehh\/wp-content\/uploads\/sites\/6\/2024\/11\/Partes_Medalla_Merito_Militar-1-1152x1536.jpg 1152w, https:\/\/uuee.ejercito.mil.uy\/eehh\/wp-content\/uploads\/sites\/6\/2024\/11\/Partes_Medalla_Merito_Militar-1-1536x2048.jpg 1536w\" sizes=\"auto, (max-width: 1772px) 100vw, 1772px\" \/><\/figure>\n\n\n\n<p class=\"has-small-font-size\" style=\"padding-right:0;padding-left:0\"><\/p>\n<\/div>\n\n\n\n<div id=\"wp-block-themeisle-blocks-advanced-column-b6c26200\" class=\"wp-block-themeisle-blocks-advanced-column\">\n<p class=\"has-text-align-center\"><\/p>\n\n\n\n<p class=\"has-medium-font-size\" style=\"padding-right:0;padding-left:0\">Por \u00faltimo un diploma donde consta la concesi\u00f3n de la condecoraci\u00f3n recibida.<\/p>\n\n\n\n<p class=\"has-medium-font-size\" style=\"padding-right:0;padding-left:0\">Con la evoluci\u00f3n de las condecoraciones uruguayas se ha producido un proceso que las ha tornado m\u00e1s complejas en sus elementos exteriores y grados. Con lo que se han pasado a asemejar, cada vez mas, a aquellas ordenes y condecoraciones m\u00e1s antiguas y reconocidas a nivel internacional.<\/p>\n\n\n\n<p class=\"has-medium-font-size\" style=\"padding-right:0;padding-left:0\">Comenzado a estudiar el tema con detenimiento, debemos realizar una primera precisi\u00f3n: las condecoraciones en nuestro pa\u00eds se han entregado desde la \u00e9poca hispana, pasando por el per\u00edodo luso-brasilero y el de las Provincias Unidas. Incluso, en la Patria Vieja, si bien no hay  normas con respecto a condecoraciones, tenemos la referencia de los hermanos Robertson del uso de una cinta tricolor por parte de Pedro Campbell como condecoraci\u00f3n concedida por el propio \u201cProtector\u201d. Sin embargo, consideraremos en este art\u00edculo las piezas que corresponden al per\u00edodo independiente, salvo una excepci\u00f3n, el escudo y cord\u00f3n de Ituzaing\u00f3, concedido por las Provincias Unidas, que fue portada por elementos del Ej\u00e9rcito Nacional en los primeros a\u00f1os de la independencia y que hoy, como veremos, la encontramos como parte del uniforme reglamentario de las Unidades de Tradici\u00f3n Hist\u00f3rica de Infanter\u00eda y Artiller\u00eda.\n\n Por otro lado, es importante marcar que existen confusiones, al denominar como condecoraciones a piezas que no lo son. Tenemos diferentes ejemplos, los cuales no podemos desarrollar en profundidad, pero a modo de ejemplo nos referiremos a tres de ellos.<\/p>\n\n\n\n<p class=\"has-medium-font-size\" style=\"padding-right:0;padding-left:0\">En primera instancia tenemos un bot\u00f3n gauchesco, que recuerda los combates de Rinc\u00f3n, Sarand\u00ed e Ituzaing\u00f3, realizado a mediados del siglo XIX, que incluso aparece mencionado en materiales de comienzos del siglo XX referidos a esta especialidad.<\/p>\n\n\n\n<p class=\"has-medium-font-size\" style=\"padding-right:0;padding-left:0\">En segunda instancia encontramos la medalla de la Jura de la Constituci\u00f3n de 1830, regalada a los participantes de tan trascendente hecho en ese momento, una reproducci\u00f3n de la cual es portada en el uniforme de la Unidad de Tradici\u00f3n Hist\u00f3rica del Batall\u00f3n \u201cFlorida\u201d de Infanter\u00eda N\u00ba1, junto al escudo y cord\u00f3n de Ituzaing\u00f3, esta \u00faltima s\u00ed es una condecoraci\u00f3n como veremos, la medalla de la Jura no, sino simplemente conmemorativa.<\/p>\n\n\n\n<p class=\"has-medium-font-size\" style=\"padding-right:0;padding-left:0\">Como tercer ejemplo, ya en la vida independiente, el escudo de la batalla de Yucutuj\u00e1, el 22 de octubre de 1837, victoria del General Rivera, realizada en tela, que en realidad solo recuerda esa batalla, sin que nunca haya sido decretada.<\/p>\n\n\n\n<p class=\"has-medium-font-size\" style=\"padding-right:0;padding-left:0\">Hechas estas precisiones y aclaraciones se consideran en el presente trabajo las condecoraciones militares uruguayas correspondientes al Ej\u00e9rcito Nacional. En este punto tenemos una problem\u00e1tica, pues algunas se decretaron pero no fueron concretadas como la medalla y el cord\u00f3n de honor a los defensores de Paysand\u00fa decretados el 23 de enero y 13 de diciembre de 1864 o la llamada \u201cA los defensores de la Independencia\u201d, decretada el 22 de julio de 1896 en homenaje a los combatientes de la Guerra Grande, que tampoco se materializ\u00f3. En este trabajo nos dedicaremos a las que se concretaron. A la vez no se consideran las concedidas a militares uruguayos por otros pa\u00edses u organismos, inclusive las entregadas por las Naciones Unidas en el marco de las misiones de paz.<\/p>\n\n\n\n<p class=\"has-medium-font-size\" style=\"padding-right:0;padding-left:0\">Agreguemos que tampoco tratamos premios que no sean condecoraciones que no incluyan las piezas b\u00e1sicas que hemos descrito. Queda fuera como consecuencia el certificado de \u201cbenem\u00e9rito de la Patria\u201d dado a los participantes del Ej\u00e9rcito Nacional en la batalla de Carpinter\u00eda en setiembre de 1836.<\/p>\n\n\n\n<p class=\"has-medium-font-size\" style=\"padding-right:0;padding-left:0\">Una \u00faltima precisi\u00f3n, a partir del 25 de marzo del a\u00f1o 2003 por Resoluci\u00f3n del Ministro de Defensa Nacional se dejaban de conceder \u201cCondecoraciones\u201d pasando a ser \u00e9sta definidas como \u201cDistinciones\u201d. Esta norma fue derogada de hecho por el Decreto de creaci\u00f3n de la \u201cMedalla al Valor Militar\u201d, retorn\u00e1ndose al t\u00e9rmino original.<\/p>\n\n\n\n<p class=\"has-medium-font-size\" style=\"padding-right:0;padding-left:0\">Realizadas estas precisiones, pasemos a establecer una distinci\u00f3n b\u00e1sica:<\/p>\n\n\n\n<p class=\"has-medium-font-size\" style=\"padding-right:0;padding-left:0\">Considerando las primeras condecoraciones del siglo XIX, se aprecia que se hallaban vinculadas a hechos de armas o campa\u00f1as militares espec\u00edficas. Se recib\u00edan por haber participado en una batalla o campa\u00f1a militar, quedando cerrada para futuras concesiones por hechos similares.<\/p>\n\n\n\n<p class=\"has-medium-font-size\" style=\"padding-right:0;padding-left:0\">Las condecoraciones creadas en el siglo XX y en el actual, con un claro concepto de permanencia, no encontr\u00e1ndose limitadas a hechos espec\u00edficos con un determinado marco temporal. Si bien la condecoraci\u00f3n puede ser creada ante un hecho espec\u00edfico para el cual no se tiene ning\u00fan elemento de honor con el cual reconocerlo, no quedan circunscripta a un hecho o campa\u00f1a espec\u00edfica como en el caso anterior\u2026<\/p>\n\n\n\n<p class=\"has-white-color has-text-color has-medium-font-size\" style=\"padding-right:0;padding-left:0\"><\/p>\n<\/div>\n<\/div><\/div>\n\n\n\n<div style=\"height:100px\" aria-hidden=\"true\" class=\"wp-block-spacer\"><\/div>\n\n\n\n<div id=\"wp-block-themeisle-blocks-advanced-columns-2f5e994f\" class=\"wp-block-themeisle-blocks-advanced-columns alignfull has-2-columns has-desktop-equal-layout has-tablet-equal-layout has-mobile-collapsedRows-layout has-vertical-top ticss-a2946a77 has-dark-bg\"><div class=\"wp-block-themeisle-blocks-advanced-columns-overlay\"><\/div><div class=\"innerblocks-wrap\">\n<div id=\"wp-block-themeisle-blocks-advanced-column-68460b92\" class=\"wp-block-themeisle-blocks-advanced-column\">\n<p class=\"has-white-color has-text-color has-medium-font-size\" style=\"padding-right:0;padding-left:0\"><\/p>\n\n\n\n<figure class=\"wp-block-image size-full has-custom-border\"><img loading=\"lazy\" decoding=\"async\" width=\"1654\" height=\"1595\" src=\"http:\/\/uuee.ejercito.mil.uy\/eehh\/wp-content\/uploads\/sites\/6\/2024\/11\/Porte_distinciones.jpg\" alt=\"\" class=\"wp-image-2837\" style=\"border-radius:5px\" srcset=\"https:\/\/uuee.ejercito.mil.uy\/eehh\/wp-content\/uploads\/sites\/6\/2024\/11\/Porte_distinciones.jpg 1654w, https:\/\/uuee.ejercito.mil.uy\/eehh\/wp-content\/uploads\/sites\/6\/2024\/11\/Porte_distinciones-300x289.jpg 300w, https:\/\/uuee.ejercito.mil.uy\/eehh\/wp-content\/uploads\/sites\/6\/2024\/11\/Porte_distinciones-1024x987.jpg 1024w, https:\/\/uuee.ejercito.mil.uy\/eehh\/wp-content\/uploads\/sites\/6\/2024\/11\/Porte_distinciones-768x741.jpg 768w, https:\/\/uuee.ejercito.mil.uy\/eehh\/wp-content\/uploads\/sites\/6\/2024\/11\/Porte_distinciones-1536x1481.jpg 1536w\" sizes=\"auto, (max-width: 1654px) 100vw, 1654px\" \/><\/figure>\n\n\n\n<p class=\"has-small-font-size\" style=\"padding-right:0;padding-left:0\"><\/p>\n<\/div>\n\n\n\n<div id=\"wp-block-themeisle-blocks-advanced-column-a261d267\" class=\"wp-block-themeisle-blocks-advanced-column\">\n<p class=\"has-text-align-center\"><\/p>\n\n\n\n<h2 class=\"wp-block-heading\">Condecoraciones en el siglo XIX<\/h2>\n\n\n\n<h4 class=\"wp-block-heading\">Una condecoraci\u00f3n procedente del per\u00edodo de uni\u00f3n a las Provincias Unidas.<\/h4>\n\n\n\n<p class=\"has-medium-font-size\">La primera condecoraci\u00f3n utilizada de hecho en el Ej\u00e9rcito Nacional, no fue precisamente creada por el nuevo Estado. El Escudo y Cord\u00f3n de Honor a los vencedores de Ituzaing\u00f3, hab\u00eda sido creada por el Gobierno de las Provincias Unidas el 19 marzo de 1827. Esta constituye una condecoraci\u00f3n especialmente importante por dos aspectos que la destacan.como<\/p>\n\n\n\n<p class=\"has-medium-font-size\">Por un lado rememora la victoria de Ituzaing\u00f3 el 22 de febrero de 1827 sobre las fuerzas del Imperio del Brasil en el marco de la lucha por la liberaci\u00f3n de ese poder sobre la Provincia Oriental. Esta victoria, junto a la toma de las Misiones Orientales por el General Fructuoso Rivera, fueron condicionantes en la \u00faltima etapa del proceso de independencia de nuestro pa\u00eds.<\/p>\n\n\n\n<p class=\"has-medium-font-size\">Por otro lado, una vez decidida la creaci\u00f3n del Estado Oriental del Uruguay, fue portada por numerosos miembros del Ej\u00e9rcito Nacional, que hab\u00edan participado en esa victoriosa jornada. Modernamente las unidades de tradici\u00f3n hist\u00f3rica de Infanter\u00eda y Artiller\u00eda, al recuperar su primitivo uniforme, procedieron a incorporar tal distinci\u00f3n en el mismo.<\/p>\n\n\n\n<p class=\"has-medium-font-size\">F\u00edsicamente consta de un escudo y un cord\u00f3n de honor. El primero, pieza met\u00e1lica oval colocada en el brazo izquierdo. Seg\u00fan el Decreto referido, deb\u00eda grabarse la siguiente leyenda \u201cLA REP\u00daBLICA A LOS VENCEDORES DE ITUZAING\u00d3\u201d y en el centro algunos trofeos militares. Se han tomado diferentes modelos dentro de la variedad de concreciones, que incluyen sustituir \u201cLA REP\u00daBLICA\u201d, por \u201cLA PATRIA\u201d y coloc\u00e1ndose la fecha \u201cFEBRERO 20 1827\u201d en un escudo representado en el centro de la pieza, tal como se hace en la recuperaci\u00f3n de las Unidades de Tradici\u00f3n Hist\u00f3rica referidas.<\/p>\n\n\n\n<p class=\"has-medium-font-size\" style=\"padding-right:0;padding-left:0\">El escudo se distingue por su material para quien estaba destinada: oro para generales, plata para jefes y oficiales, lat\u00f3n para sargentos, cabos y tropa. El cord\u00f3n, prendido en el hombro izquierdo y enlazado en el ojal de la casaca del costado derecho tambi\u00e9n se distingu\u00eda por el grado de su portador: oro para los generales, plata para jefes y oficiales, seda blanca para sargentos y cabos y cord\u00f3n de lana celeste para tropa.<\/p>\n\n\n\n<p class=\"has-white-color has-text-color has-medium-font-size\" style=\"padding-right:0;padding-left:0\"><\/p>\n<\/div>\n<\/div><\/div>\n\n\n\n<div style=\"height:100px\" aria-hidden=\"true\" class=\"wp-block-spacer\"><\/div>\n\n\n\n<div id=\"wp-block-themeisle-blocks-advanced-columns-7b9e6a21\" class=\"wp-block-themeisle-blocks-advanced-columns alignfull has-2-columns has-desktop-oneTwo-layout has-tablet-equal-layout has-mobile-collapsedRows-layout has-vertical-top ticss-a2946a77 has-dark-bg\"><div class=\"wp-block-themeisle-blocks-advanced-columns-overlay\"><\/div><div class=\"innerblocks-wrap\">\n<div id=\"wp-block-themeisle-blocks-advanced-column-be6b6c40\" class=\"wp-block-themeisle-blocks-advanced-column\">\n<figure class=\"wp-block-image size-full\"><img loading=\"lazy\" decoding=\"async\" width=\"621\" height=\"248\" src=\"https:\/\/uuee.ejercito.mil.uy\/eehh\/wp-content\/uploads\/sites\/6\/2024\/11\/image-1.jpg\" alt=\"\" class=\"wp-image-2900\" srcset=\"https:\/\/uuee.ejercito.mil.uy\/eehh\/wp-content\/uploads\/sites\/6\/2024\/11\/image-1.jpg 621w, https:\/\/uuee.ejercito.mil.uy\/eehh\/wp-content\/uploads\/sites\/6\/2024\/11\/image-1-300x120.jpg 300w\" sizes=\"auto, (max-width: 621px) 100vw, 621px\" \/><\/figure>\n<\/div>\n\n\n\n<div id=\"wp-block-themeisle-blocks-advanced-column-836794e0\" class=\"wp-block-themeisle-blocks-advanced-column\">\n<h3 class=\"wp-block-heading has-text-align-center has-nv-site-bg-color has-text-color\"><strong>Condecoraciones en el siglo XIX<\/strong><\/h3>\n\n\n\n<h4 class=\"wp-block-heading has-text-align-center has-nv-site-bg-color has-text-color\"><strong>Una condecoraci\u00f3n procedente del per\u00edodo de uni\u00f3n a las Provincias Unidas.<\/strong><\/h4>\n\n\n\n<p class=\"has-text-align-left has-nv-site-bg-color has-text-color has-link-color has-medium-font-size wp-elements-be59d9d7c13ef46156cbde3705d0ac79\">La primera condecoraci\u00f3n utilizada de hecho en el Ej\u00e9rcito Nacional, no fue precisamente creada por el nuevo Estado. El Escudo y Cord\u00f3n de Honor a los vencedores de Ituzaing\u00f3, hab\u00eda sido creada por el Gobierno de las Provincias Unidas el 19 marzo de 1827. Esta constituye una condecoraci\u00f3n especialmente importante por dos aspectos que la destacan.<\/p>\n\n\n\n<p class=\"has-link-color has-medium-font-size wp-elements-c90e889a8d3cdea8f63e38610f7c15da\">Por un lado rememora la victoria de Ituzaing\u00f3 el 22 de febrero de 1827 sobre las fuerzas del Imperio del Brasil en el marco de la lucha por la liberaci\u00f3n de ese poder sobre la Provincia Oriental. Esta victoria, junto a la toma de las Misiones Orientales por el General Fructuoso Rivera, fueron condicionantes en la \u00faltima etapa del proceso de independencia de nuestro pa\u00eds.<\/p>\n\n\n\n<p class=\"has-link-color has-medium-font-size wp-elements-031e7a19f371f921af85f647ccfa0527\">Por otro lado, una vez decidida la creaci\u00f3n del Estado Oriental del Uruguay, fue portada por numerosos miembros del Ej\u00e9rcito Nacional, que hab\u00edan participado en esa victoriosa jornada. Modernamente las unidades de tradici\u00f3n hist\u00f3rica de Infanter\u00eda y Artiller\u00eda, al recuperar su primitivo uniforme, procedieron a incorporar tal distinci\u00f3n en el mismo.<\/p>\n\n\n\n<p class=\"has-link-color has-medium-font-size wp-elements-52236df73f42c72d232f1faaa2ad773b\">F\u00edsicamente consta de un escudo y un cord\u00f3n de honor. El primero, pieza met\u00e1lica oval colocada en el brazo izquierdo. Seg\u00fan el Decreto referido, deb\u00eda grabarse la siguiente leyenda \u201cLA REP\u00daBLICA A LOS VENCEDORES DE ITUZAING\u00d3\u201d y en el centro algunos trofeos militares. Se han tomado diferentes modelos dentro de la variedad de concreciones, que incluyen sustituir \u201cLA REP\u00daBLICA\u201d, por \u201cLA PATRIA\u201d y coloc\u00e1ndose la fecha \u201cFEBRERO 20 1827\u201d en un escudo representado en el centro de la pieza, tal como se hace en la recuperaci\u00f3n de las Unidades de Tradici\u00f3n Hist\u00f3rica referidas.<\/p>\n\n\n\n<p class=\"has-text-align-left has-nv-site-bg-color has-text-color has-link-color has-medium-font-size wp-elements-3d7dd14d0c2ddf1e630c25a5c01d3c14\">El escudo se distingue por su material para quien estaba destinada: oro para generales, plata para jefes y oficiales, lat\u00f3n para sargentos, cabos y tropa. El cord\u00f3n, prendido en el hombro izquierdo y enlazado en el ojal de la casaca del costado derecho tambi\u00e9n se distingu\u00eda por el grado de su portador: oro para los generales, plata para jefes y oficiales, seda blanca para sargentos y cabos y cord\u00f3n de lana celeste para tropa.<\/p>\n<\/div>\n<\/div><\/div>\n\n\n\n<div style=\"height:100px\" aria-hidden=\"true\" class=\"wp-block-spacer\"><\/div>\n\n\n\n<div id=\"wp-block-themeisle-blocks-advanced-columns-e7d53711\" class=\"wp-block-themeisle-blocks-advanced-columns alignfull has-2-columns has-desktop-oneTwo-layout has-tablet-equal-layout has-mobile-collapsedRows-layout has-vertical-top ticss-a2946a77 has-dark-bg\"><div class=\"wp-block-themeisle-blocks-advanced-columns-overlay\"><\/div><div class=\"innerblocks-wrap\">\n<div id=\"wp-block-themeisle-blocks-advanced-column-68145a90\" class=\"wp-block-themeisle-blocks-advanced-column\">\n<p class=\"has-white-color has-text-color has-medium-font-size\" style=\"padding-right:0;padding-left:0\"><\/p>\n\n\n\n<div class=\"wp-block-columns alignfull are-vertically-aligned-center has-nv-site-bg-color has-text-color has-background has-link-color wp-elements-b9df9ee6150953634ebc919baa013411 is-layout-flex wp-container-core-columns-is-layout-62db62f3 wp-block-columns-is-layout-flex\" style=\"background-color:#1d1f25;padding-top:0;padding-bottom:0\">\n<div class=\"wp-block-column is-layout-flow wp-block-column-is-layout-flow\" style=\"flex-basis:100%\"><div class=\"wp-block-image\">\n<figure class=\"aligncenter size-full\"><img loading=\"lazy\" decoding=\"async\" width=\"575\" height=\"448\" src=\"https:\/\/uuee.ejercito.mil.uy\/eehh\/wp-content\/uploads\/sites\/6\/2024\/11\/image2.jpg\" alt=\"\" class=\"wp-image-2883\" srcset=\"https:\/\/uuee.ejercito.mil.uy\/eehh\/wp-content\/uploads\/sites\/6\/2024\/11\/image2.jpg 575w, https:\/\/uuee.ejercito.mil.uy\/eehh\/wp-content\/uploads\/sites\/6\/2024\/11\/image2-300x234.jpg 300w\" sizes=\"auto, (max-width: 575px) 100vw, 575px\" \/><\/figure>\n<\/div><\/div>\n<\/div>\n<\/div>\n\n\n\n<div id=\"wp-block-themeisle-blocks-advanced-column-fb8450e6\" class=\"wp-block-themeisle-blocks-advanced-column\">\n<h3 class=\"wp-block-heading has-text-align-center has-nv-site-bg-color has-text-color\"><strong>La primera condecoraci\u00f3n del Ej\u00e9rcito <\/strong><\/h3>\n\n\n\n<p class=\"has-text-align-left has-nv-site-bg-color has-text-color has-link-color has-medium-font-size wp-elements-771e282f38e8e15d855129fbb0d62f9e\">Tempranamente, y ante los hechos militares que se suced\u00edan en nuestro territorio, surgi\u00f3 la necesidad de crear condecoraciones para conmemorar las victorias consideradas trascendentes o las campa\u00f1as militares exitosas.<\/p>\n\n\n\n<p class=\"has-medium-font-size\">De las piezas decretadas en primera instancia debemos tomar en cuenta la medalla correspondiente a la batalla de Tacuaremb\u00f3 creada por Decreto del 26 de Julio 1836 y cuya descripci\u00f3n se establece por Decreto del 31 de diciembre del mismo a\u00f1o para los miembros del Escuadr\u00f3n 1\u00ba de L\u00ednea; concedida por el gobierno del General Manuel Oribe ante la victoria sobre las fuerzas insurgentes del General Fructuoso Rivera.<\/p>\n\n\n\n<p class=\"has-medium-font-size\">Estaba compuesta de una venera, cinta y diploma.<\/p>\n\n\n\n<p class=\"has-medium-font-size\">La venera o medalla de forma oval, presenta en el anverso un libro de la constituci\u00f3n abierto y un sable cruzado con una rama de laurel con la inscripci\u00f3n \u201cEl Gobierno a los Defensores de la Constituci\u00f3n\u201d. En el reverso se establec\u00eda en el centro \u201c1er Escuadr\u00f3n de L\u00ednea\u201d y a su alrededor \u201cEn los campos de Tacuaremb\u00f3 17 de julio\u201d y abajo \u201c1836\u201d. Realizada en oro para jefes, en plata para oficiales y en bronce para personal subalterno, pend\u00eda de una cinta azul.<\/p>\n\n\n\n<p class=\"has-text-align-left has-nv-site-bg-color has-text-color has-link-color has-medium-font-size wp-elements-23edc833834434049bac547d54716718\">Esta, con justicia ha sido considerada por el historiador Jos\u00e9 Mar\u00eda Fern\u00e1ndez Salda\u00f1a como la primera medalla militar de nuestro pa\u00eds; seg\u00fan un art\u00edculo aparecido en el suplemento dominical de El D\u00eda del 12 de enero de 1941,<\/p>\n<\/div>\n<\/div><\/div>\n\n\n\n<div style=\"height:100px\" aria-hidden=\"true\" class=\"wp-block-spacer\"><\/div>\n\n\n\n<div id=\"wp-block-themeisle-blocks-advanced-columns-6a92ae08\" class=\"wp-block-themeisle-blocks-advanced-columns alignfull has-2-columns has-desktop-oneTwo-layout has-tablet-equal-layout has-mobile-collapsedRows-layout has-vertical-top ticss-a2946a77 has-dark-bg\"><div class=\"wp-block-themeisle-blocks-advanced-columns-overlay\"><\/div><div class=\"innerblocks-wrap\">\n<div id=\"wp-block-themeisle-blocks-advanced-column-fc4e70e6\" class=\"wp-block-themeisle-blocks-advanced-column\">\n<p class=\"has-white-color has-text-color has-medium-font-size\" style=\"padding-right:0;padding-left:0\"><\/p>\n\n\n\n<div class=\"wp-block-columns alignfull are-vertically-aligned-center has-nv-site-bg-color has-text-color has-background has-link-color wp-elements-ffb6e5ae38843c5dde7d8e899ee00021 is-layout-flex wp-container-core-columns-is-layout-62db62f3 wp-block-columns-is-layout-flex\" style=\"background-color:#1d1f25;padding-top:0;padding-bottom:0\">\n<div class=\"wp-block-column is-layout-flow wp-block-column-is-layout-flow\" style=\"flex-basis:100%\"><div class=\"wp-block-image\">\n<figure class=\"aligncenter size-full\"><img loading=\"lazy\" decoding=\"async\" width=\"263\" height=\"315\" src=\"https:\/\/uuee.ejercito.mil.uy\/eehh\/wp-content\/uploads\/sites\/6\/2024\/11\/San_Antonio_escudo.jpg\" alt=\"\" class=\"wp-image-2884\" srcset=\"https:\/\/uuee.ejercito.mil.uy\/eehh\/wp-content\/uploads\/sites\/6\/2024\/11\/San_Antonio_escudo.jpg 263w, https:\/\/uuee.ejercito.mil.uy\/eehh\/wp-content\/uploads\/sites\/6\/2024\/11\/San_Antonio_escudo-250x300.jpg 250w\" sizes=\"auto, (max-width: 263px) 100vw, 263px\" \/><\/figure>\n<\/div><\/div>\n<\/div>\n<\/div>\n\n\n\n<div id=\"wp-block-themeisle-blocks-advanced-column-d3b99a66\" class=\"wp-block-themeisle-blocks-advanced-column\">\n<h2 class=\"wp-block-heading has-white-color has-text-color has-medium-font-size\"><strong>Las condecoraciones de la Guerra Grande <\/strong><\/h2>\n\n\n\n<p class=\"has-text-align-left has-nv-site-bg-color has-text-color has-link-color has-medium-font-size wp-elements-b5a246fae0e1b0030d0c28f1dbf294fb\">La Guerra Grande, signific\u00f3 un per\u00edodo de gran importancia, en el cual se desarrollaron nuevas condecoraciones conmemorando hechos trascendentes protagonizados por el gobierno de Montevideo.<\/p>\n\n\n\n<h2 class=\"wp-block-heading has-medium-font-size\">El escudo otorgado a los vencedores de San Antonio por Decreto del 25 de febrero de 1846.<\/h2>\n\n\n\n<p class=\"has-white-color has-text-color has-medium-font-size\" style=\"padding-right:0;padding-left:0\">Esta victoria de las fuerzas de la Legi\u00f3n Italiana al mando del reconocido guerrero italiano Giuseppe Garibaldi sobre las fuerzas del Ej\u00e9rcito de Oribe al mando del General Servando G\u00f3mez cerca de Salto. El hecho constituy\u00f3 un punto \u00e1lgido de la campa\u00f1a realizada por el gobierno de Montevideo utilizando el eje fluvial del r\u00edo Uruguay y destinada a debilitar, con ataques por la espalda, al ej\u00e9rcito sitiador del General Oribe. Si bien se realizaron aparentemente diversas versiones, no existe una descripci\u00f3n oficial en el Decreto, salvo que se establec\u00eda que se utilizar\u00eda en el brazo izquierdo un escudo con la siguiente inscripci\u00f3n dentro de una orla de laurel: \u201cINVENCIBLES CONVATIERON [sic] EL 8 DE FEBRERO DE 1846\u201d<\/p>\n\n\n\n<p class=\"has-small-font-size\" style=\"padding-right:0;padding-left:0\"><\/p>\n<\/div>\n<\/div><\/div>\n\n\n\n<div style=\"height:100px\" aria-hidden=\"true\" class=\"wp-block-spacer\"><\/div>\n\n\n\n<div id=\"wp-block-themeisle-blocks-advanced-columns-fa85ddc2\" class=\"wp-block-themeisle-blocks-advanced-columns alignfull has-2-columns has-desktop-oneTwo-layout has-tablet-equal-layout has-mobile-collapsedRows-layout has-vertical-top ticss-a2946a77 has-dark-bg\"><div class=\"wp-block-themeisle-blocks-advanced-columns-overlay\"><\/div><div class=\"innerblocks-wrap\">\n<div id=\"wp-block-themeisle-blocks-advanced-column-49376e6c\" class=\"wp-block-themeisle-blocks-advanced-column\">\n<p class=\"has-white-color has-text-color has-medium-font-size\" style=\"padding-right:0;padding-left:0\"><\/p>\n\n\n\n<div class=\"wp-block-columns alignfull are-vertically-aligned-center has-nv-site-bg-color has-text-color has-background has-link-color wp-elements-4f85b38dbe5b5bf21ee367f89c01d36e is-layout-flex wp-container-core-columns-is-layout-62db62f3 wp-block-columns-is-layout-flex\" style=\"background-color:#1d1f25;padding-top:0;padding-bottom:0\">\n<div class=\"wp-block-column is-layout-flow wp-block-column-is-layout-flow\" style=\"flex-basis:100%\"><div class=\"wp-block-image\">\n<figure class=\"aligncenter size-full\"><img loading=\"lazy\" decoding=\"async\" width=\"305\" height=\"259\" src=\"https:\/\/uuee.ejercito.mil.uy\/eehh\/wp-content\/uploads\/sites\/6\/2024\/11\/Caseros_medalla.jpg\" alt=\"\" class=\"wp-image-2885\" srcset=\"https:\/\/uuee.ejercito.mil.uy\/eehh\/wp-content\/uploads\/sites\/6\/2024\/11\/Caseros_medalla.jpg 305w, https:\/\/uuee.ejercito.mil.uy\/eehh\/wp-content\/uploads\/sites\/6\/2024\/11\/Caseros_medalla-300x255.jpg 300w\" sizes=\"auto, (max-width: 305px) 100vw, 305px\" \/><\/figure>\n<\/div><\/div>\n<\/div>\n<\/div>\n\n\n\n<div id=\"wp-block-themeisle-blocks-advanced-column-758a5218\" class=\"wp-block-themeisle-blocks-advanced-column\">\n<h3 class=\"wp-block-heading has-text-align-center has-nv-site-bg-color has-text-color\"><strong>La medalla por la victoria de Caseros (o de Santos Lugares), creada por Decreto del 29 de junio de 1852 <\/strong><\/h3>\n\n\n\n<p class=\"has-text-align-left has-nv-site-bg-color has-text-color has-link-color has-medium-font-size wp-elements-4741164ade3d349409c422bb1a02b460\">Esta condecoraci\u00f3n, que podemos considerar la primera obtenida por fuerzas del Ej\u00e9rcito Nacional en una actuaci\u00f3n realizada a nivel internacional. \u00c9sta se logra por la participaci\u00f3n de la Divisi\u00f3n Oriental, junto a las fuerzas del Imperio del Brasil y del General Urquiza, en la victoria del 3 de febrero de 1852, en territorio argentino, sobre las fuerzas del General Juan Manuel de Rosas gobernante de Buenos Aires, y aliado durante la Guerra Grande con el General Manuel Oribe.<\/p>\n\n\n\n<p class=\"has-medium-font-size\">El Decreto establec\u00eda venera, cinta y diploma. La venera o medalla oval ten\u00eda diferentes grados: de oro con una corona de laurel sobrepuesta para el Coronel jefe de la Divisi\u00f3n, de oro pero sin la corona para los jefes desde Coronel hasta Sargento Mayor, de plata para los oficiales desde Capit\u00e1n hasta Subteniente y de lat\u00f3n para los individuos de tropa. En todos los casos en el anverso deb\u00eda llevar el lema \u201cEl Gobierno de la Rep\u00fablica Oriental del Uruguay\u201d y en el centro \u201cAl Vencedor en Santos Lugares\u201d y en el reverso \u201c3 de febrero de 1852\u201d En diferentes ejemplos de la medalla aparece en vez de \u201cSantos Lugares\u201d el nombre \u201cMonte Caseros\u201d con que la historia ha recordado la batalla. La cinta deb\u00eda ser azul celeste<\/p>\n\n\n\n<p class=\"has-small-font-size\" style=\"padding-right:0;padding-left:0\"><\/p>\n<\/div>\n<\/div><\/div>\n\n\n\n<div style=\"height:100px\" aria-hidden=\"true\" class=\"wp-block-spacer\"><\/div>\n\n\n\n<div id=\"wp-block-themeisle-blocks-advanced-columns-2b74745e\" class=\"wp-block-themeisle-blocks-advanced-columns alignfull has-2-columns has-desktop-oneTwo-layout has-tablet-equal-layout has-mobile-collapsedRows-layout has-vertical-top ticss-a2946a77 has-dark-bg\"><div class=\"wp-block-themeisle-blocks-advanced-columns-overlay\"><\/div><div class=\"innerblocks-wrap\">\n<div id=\"wp-block-themeisle-blocks-advanced-column-8693790b\" class=\"wp-block-themeisle-blocks-advanced-column\">\n<p class=\"has-white-color has-text-color has-medium-font-size\" style=\"padding-right:0;padding-left:0\"><\/p>\n\n\n\n<div class=\"wp-block-columns alignfull are-vertically-aligned-center has-nv-site-bg-color has-text-color has-background has-link-color wp-elements-9507b84419b01ade0211f83db16b47d6 is-layout-flex wp-container-core-columns-is-layout-62db62f3 wp-block-columns-is-layout-flex\" style=\"background-color:#1d1f25;padding-top:0;padding-bottom:0\">\n<div class=\"wp-block-column is-layout-flow wp-block-column-is-layout-flow\" style=\"flex-basis:100%\"><div class=\"wp-block-image\">\n<figure class=\"aligncenter size-full\"><img loading=\"lazy\" decoding=\"async\" width=\"348\" height=\"336\" src=\"https:\/\/uuee.ejercito.mil.uy\/eehh\/wp-content\/uploads\/sites\/6\/2024\/11\/Medallas_de_Yatay.jpg\" alt=\"\" class=\"wp-image-2886\" srcset=\"https:\/\/uuee.ejercito.mil.uy\/eehh\/wp-content\/uploads\/sites\/6\/2024\/11\/Medallas_de_Yatay.jpg 348w, https:\/\/uuee.ejercito.mil.uy\/eehh\/wp-content\/uploads\/sites\/6\/2024\/11\/Medallas_de_Yatay-300x290.jpg 300w\" sizes=\"auto, (max-width: 348px) 100vw, 348px\" \/><\/figure>\n<\/div><\/div>\n<\/div>\n<\/div>\n\n\n\n<div id=\"wp-block-themeisle-blocks-advanced-column-6e5a853c\" class=\"wp-block-themeisle-blocks-advanced-column\">\n<p class=\"has-white-color has-text-color has-medium-font-size\" style=\"padding-right:0;padding-left:0\"><strong>Las condecoraciones de la guerra de la Triple Alianza<\/strong><\/p>\n\n\n\n<p class=\"has-text-align-left has-nv-site-bg-color has-text-color has-link-color has-medium-font-size wp-elements-04b8d5e876a1ecbf8bcbf29e686a38f3\">La guerra del Paraguay o de la Triple Alianza, signific\u00f3 un nuevo momento en el cual fue necesario plantear la concreci\u00f3n de condecoraciones para premiar el valor en una sangrienta y larga guerra (1864-1870, para Uruguay 1865-1869).<\/p>\n\n\n\n<p class=\"has-link-color has-medium-font-size wp-elements-65698cdc8114cc8c2acb68d8114faba4\">        En este marco, encontramos una medalla creada durante la guerra y otra, nacida de un acuerdo entre los gobiernos de Argentina, Brasil y Uruguay,  destinada a todos los participantes de la  lucha. \n\nLa \u00fanica concedida durante la guerra por el Ej\u00e9rcito Nacional fue la medalla de la victoria de Yatay. Realizada para conmemorar el combate en el cual intervinieron las fuerzas de la vanguardia del Ej\u00e9rcito Aliado al mando del General uruguayo Venancio Flores contra las paraguayas del Mayor Duarte, y que ocurri\u00f3 en la provincia argentina de Corrientes el 17 de agosto de 1865. <\/p>\n\n\n\n<p class=\"has-white-color has-text-color has-medium-font-size\" style=\"padding-right:0;padding-left:0\">S\u00f3lo unos d\u00edas despu\u00e9s de esta importante victoria, que signific\u00f3 el comienzo del fin de la invasi\u00f3n paraguaya a territorio argentino, se aprob\u00f3 el Decreto del 30 de setiembre de 1865 estableciendo que todos los participantes del Ej\u00e9rcito Nacional en la batalla recibir\u00edan una venera, cinta y diploma. La venera o medalla, de forma oval, se colgar\u00edan en el pecho con una cinta blanca y celeste. Con diferentes grados estaba confeccionada en oro para los jefes, en plata para oficiales y en cobre para tropa. En todos los casos en el anverso aparecer\u00eda la inscripci\u00f3n \u201cVencedores de Yatay\u201d y en el reverso \u201c17 de Agosto de 1865\u201d, ambas inscripciones orladas por dos ramas de laurel.<\/p>\n\n\n\n<p class=\"has-small-font-size\" style=\"padding-right:0;padding-left:0\"><\/p>\n<\/div>\n<\/div><\/div>\n\n\n\n<div style=\"height:100px\" aria-hidden=\"true\" class=\"wp-block-spacer\"><\/div>\n\n\n\n<div id=\"wp-block-themeisle-blocks-advanced-columns-ee337be1\" class=\"wp-block-themeisle-blocks-advanced-columns alignfull has-2-columns has-desktop-oneTwo-layout has-tablet-equal-layout has-mobile-collapsedRows-layout has-vertical-top ticss-a2946a77 has-dark-bg\"><div class=\"wp-block-themeisle-blocks-advanced-columns-overlay\"><\/div><div class=\"innerblocks-wrap\">\n<div id=\"wp-block-themeisle-blocks-advanced-column-16b09d47\" class=\"wp-block-themeisle-blocks-advanced-column\">\n<p class=\"has-white-color has-text-color has-medium-font-size\" style=\"padding-right:0;padding-left:0\"><\/p>\n\n\n\n<div class=\"wp-block-columns alignfull are-vertically-aligned-center has-nv-site-bg-color has-text-color has-background has-link-color wp-elements-8564d694360f5f1e618f97c3b7ab3506 is-layout-flex wp-container-core-columns-is-layout-62db62f3 wp-block-columns-is-layout-flex\" style=\"background-color:#1d1f25;padding-top:0;padding-bottom:0\">\n<div class=\"wp-block-column is-layout-flow wp-block-column-is-layout-flow\" style=\"flex-basis:100%\"><div class=\"wp-block-image\">\n<figure class=\"aligncenter size-full\"><img loading=\"lazy\" decoding=\"async\" width=\"448\" height=\"326\" src=\"https:\/\/uuee.ejercito.mil.uy\/eehh\/wp-content\/uploads\/sites\/6\/2024\/11\/Medallla_del_Paraguay_1894.jpg\" alt=\"\" class=\"wp-image-2887\" srcset=\"https:\/\/uuee.ejercito.mil.uy\/eehh\/wp-content\/uploads\/sites\/6\/2024\/11\/Medallla_del_Paraguay_1894.jpg 448w, https:\/\/uuee.ejercito.mil.uy\/eehh\/wp-content\/uploads\/sites\/6\/2024\/11\/Medallla_del_Paraguay_1894-300x218.jpg 300w\" sizes=\"auto, (max-width: 448px) 100vw, 448px\" \/><figcaption class=\"wp-element-caption\"><strong>ANEXO: <\/strong>Imagen de \u201cMedalla del Paraguay\u201d&nbsp;<\/figcaption><\/figure>\n<\/div><\/div>\n<\/div>\n<\/div>\n\n\n\n<div id=\"wp-block-themeisle-blocks-advanced-column-214fab3b\" class=\"wp-block-themeisle-blocks-advanced-column\">\n<p class=\"has-white-color has-text-color has-medium-font-size\" style=\"padding-right:0;padding-left:0\"><strong>Condecoraci\u00f3n de Honor acordada por los gobiernos de Argentina, Brasil y Uruguay al personal que actu\u00f3 en la Guerra de la Triple Alianza.<\/strong><\/p>\n\n\n\n<p class=\"has-text-align-left has-nv-site-bg-color has-text-color has-link-color has-medium-font-size wp-elements-8862113ddd4cf11a425bace99366e2c3\">Establecida por el protocolo aprobado por los gobiernos de Argentina y Brasil el 17 de mayo de 1888, mientras que el Uruguay se adhiere por ley del 18 de diciembre de 1890.<\/p>\n\n\n\n<p class=\"has-white-color has-text-color has-medium-font-size\" style=\"padding-right:0;padding-left:0\">        Establecido su dise\u00f1o por Decreto del 4 de abril de 1891 para el caso uruguayo, se deb\u00eda portar en el pecho, teniendo la venera forma de una cruz griega terminando los brazos en \u00e1ngulos agudos. Exist\u00edan tres grados, si bien todas las medallas deb\u00edan ser de hierro dulce colorido al temple, el anillo de uni\u00f3n con la cinta deb\u00eda tener un sol de oro para los jefes, de plata para los oficiales y de cobre para el personal subalterno. Los brazos deb\u00edan estar ligados por una corona de laurel encontr\u00e1ndose en el centro un disco. El correspondiente al anverso portaba la leyenda \u201cCampa\u00f1a del Paraguay 1865-1869\u201d y en el reverso \u201cA las virtudes militares\u201d, rodeada por el nombre \u201cRep\u00fablica Oriental de Uruguay\u201d. La venera deb\u00eda colgar de una cinta roja.<\/p>\n\n\n\n<p class=\"has-small-font-size\" style=\"padding-right:0;padding-left:0\"><\/p>\n<\/div>\n<\/div><\/div>\n\n\n\n<div style=\"height:100px\" aria-hidden=\"true\" class=\"wp-block-spacer\"><\/div>\n\n\n\n<div id=\"wp-block-themeisle-blocks-advanced-columns-f1afade4\" class=\"wp-block-themeisle-blocks-advanced-columns alignfull has-2-columns has-desktop-oneTwo-layout has-tablet-equal-layout has-mobile-collapsedRows-layout has-vertical-top ticss-a2946a77 has-dark-bg\"><div class=\"wp-block-themeisle-blocks-advanced-columns-overlay\"><\/div><div class=\"innerblocks-wrap\">\n<div id=\"wp-block-themeisle-blocks-advanced-column-0513b85c\" class=\"wp-block-themeisle-blocks-advanced-column\">\n<p class=\"has-white-color has-text-color has-medium-font-size\" style=\"padding-right:0;padding-left:0\"><\/p>\n\n\n\n<div class=\"wp-block-columns alignfull are-vertically-aligned-center has-nv-site-bg-color has-text-color has-background has-link-color wp-elements-cfaabb6cefae66ed19e0d4b046bc68b7 is-layout-flex wp-container-core-columns-is-layout-62db62f3 wp-block-columns-is-layout-flex\" style=\"background-color:#1d1f25;padding-top:0;padding-bottom:0\">\n<div class=\"wp-block-column is-layout-flow wp-block-column-is-layout-flow\" style=\"flex-basis:100%\"><div class=\"wp-block-image\">\n<figure class=\"aligncenter size-full\"><img loading=\"lazy\" decoding=\"async\" width=\"698\" height=\"524\" src=\"https:\/\/uuee.ejercito.mil.uy\/eehh\/wp-content\/uploads\/sites\/6\/2024\/11\/Captura-de-pantalla-2024-11-21-102712.png\" alt=\"\" class=\"wp-image-2889\" srcset=\"https:\/\/uuee.ejercito.mil.uy\/eehh\/wp-content\/uploads\/sites\/6\/2024\/11\/Captura-de-pantalla-2024-11-21-102712.png 698w, https:\/\/uuee.ejercito.mil.uy\/eehh\/wp-content\/uploads\/sites\/6\/2024\/11\/Captura-de-pantalla-2024-11-21-102712-300x225.png 300w\" sizes=\"auto, (max-width: 698px) 100vw, 698px\" \/><\/figure>\n<\/div><\/div>\n<\/div>\n<\/div>\n\n\n\n<div id=\"wp-block-themeisle-blocks-advanced-column-42e633a1\" class=\"wp-block-themeisle-blocks-advanced-column\">\n<p class=\"has-white-color has-text-color has-medium-font-size\" style=\"padding-right:0;padding-left:0\"><strong>Las condecoraciones de los siglos XX y XXI recuperando la figura del General Artigas<\/strong><\/p>\n\n\n\n<p class=\"has-text-align-left has-nv-site-bg-color has-text-color has-link-color has-medium-font-size wp-elements-0d5ce4c940996b68eb7340f530fedc17\">Las condecoraciones que hemos visto hasta el momento, se basaban en hechos militares puntuales o en todo caso en campa\u00f1as militares espec\u00edficas. Cuando se pens\u00f3 en crear una condecoraci\u00f3n para el Ej\u00e9rcito Nacional de existencia permanente, \u00e9sta, naturalmente, tuvo como tema la figura del m\u00e1ximo militar uruguayo, s\u00edntesis de acci\u00f3n castrense y c\u00edvica: el General Jos\u00e9 Artigas.        <br><strong>La \u00abOrden Militar al M\u00e9rito Tenientes de Artigas\u00bb<\/strong><\/p>\n\n\n\n<p class=\"has-text-align-left has-nv-site-bg-color has-text-color has-link-color has-medium-font-size wp-elements-bb231b3734303bcc6ade5d24aa0fd215\">       Se debi\u00f3 esperar sin embargo a 1979 para que surgiese una condecoraci\u00f3n permanente del Ej\u00e9rcito. Fue la \u00abOrden Militar al M\u00e9rito Tenientes de Artigas\u00bb, creada por Decreto-Ley No. 14.955 del 16 de noviembre de 1979 y articulada por el Decreto No.163\/980 del 20 de enero de 1980,  Decreto-Ley No. 15.066 del 07 de octubre de 1980  y Decreto No. 99\/981 del 10 de marzo de 1981. <\/p>\n\n\n\n<p class=\"has-medium-font-size\">Esta condecoraci\u00f3n, que compart\u00edan en inicio el Ej\u00e9rcito Nacional y la Fuerza A\u00e9rea, presentaba una estructura compleja con cinco grados: Gran Cruz, Gran Oficial, Comendador, Oficial y Caballero. Se trata, pues, de la primera vez en que no s\u00f3lo se crea una \u201corden\u201d, estructurada con los grados e insignias de uso universal.<\/p>\n\n\n\n<p class=\"has-medium-font-size\">En este caso, para su nombre, el General Artigas fue tomado como una inspiraci\u00f3n, y considerando de hecho al recipiendario de la medalla como imbuido de los ideales artiguistas expresados por sus lugartenientes. Por esta causa, la condecoraci\u00f3n presentaba en sus elementos un predominio de los colores artiguistas. A la vez se colocaba en el centro de la venera el sol de la patria de 8 rayos, muy utilizado en la her\u00e1ldica y vexilolog\u00eda nacional al comienzo de nuestra vida independiente.<\/p>\n\n\n\n<p class=\"has-medium-font-size\">En caso que el recipiendario la hubiese recibido por m\u00e9ritos en guerra, se le agregaban las espadas cruzadas en aspa.<\/p>\n\n\n\n<p class=\"has-white-color has-text-color has-medium-font-size\" style=\"padding-right:0;padding-left:0\">        La concesi\u00f3n de la Orden era privativa del Presidente de la Rep\u00fablica, en su car\u00e1cter de Gran Maestre, actuando a propuesta del Canciller y del Consejo que a los efectos se creaban por la misma norma.          <br>       La \u00abOrden Militar al M\u00e9rito Tenientes de Artigas\u00bb, fue derogada por la Ley No.15.738 del 14 de febrero de 1985.<\/p>\n\n\n\n<p class=\"has-small-font-size\" style=\"padding-right:0;padding-left:0\"><\/p>\n<\/div>\n<\/div><\/div>\n\n\n\n<div style=\"height:100px\" aria-hidden=\"true\" class=\"wp-block-spacer\"><\/div>\n\n\n\n<div id=\"wp-block-themeisle-blocks-advanced-columns-4dd4bd7d\" class=\"wp-block-themeisle-blocks-advanced-columns alignfull has-2-columns has-desktop-oneTwo-layout has-tablet-equal-layout has-mobile-collapsedRows-layout has-vertical-top ticss-a2946a77 has-dark-bg\"><div class=\"wp-block-themeisle-blocks-advanced-columns-overlay\"><\/div><div class=\"innerblocks-wrap\">\n<div id=\"wp-block-themeisle-blocks-advanced-column-3e07d2c3\" class=\"wp-block-themeisle-blocks-advanced-column\">\n<p class=\"has-white-color has-text-color has-medium-font-size\" style=\"padding-right:0;padding-left:0\"><\/p>\n\n\n<div class=\"wp-block-image\">\n<figure class=\"aligncenter size-full\"><img loading=\"lazy\" decoding=\"async\" width=\"873\" height=\"441\" src=\"https:\/\/uuee.ejercito.mil.uy\/eehh\/wp-content\/uploads\/sites\/6\/2024\/11\/image8.jpg\" alt=\"\" class=\"wp-image-2893\" srcset=\"https:\/\/uuee.ejercito.mil.uy\/eehh\/wp-content\/uploads\/sites\/6\/2024\/11\/image8.jpg 873w, https:\/\/uuee.ejercito.mil.uy\/eehh\/wp-content\/uploads\/sites\/6\/2024\/11\/image8-300x152.jpg 300w, https:\/\/uuee.ejercito.mil.uy\/eehh\/wp-content\/uploads\/sites\/6\/2024\/11\/image8-768x388.jpg 768w\" sizes=\"auto, (max-width: 873px) 100vw, 873px\" \/><\/figure>\n<\/div><\/div>\n\n\n\n<div id=\"wp-block-themeisle-blocks-advanced-column-c17cfac4\" class=\"wp-block-themeisle-blocks-advanced-column\">\n<p class=\"has-white-color has-text-color has-medium-font-size\" style=\"padding-right:0;padding-left:0\"><strong>La \u201cMedalla 18 de Mayo de 1811\u201d<\/strong><\/p>\n\n\n\n<p class=\"has-text-align-left has-nv-site-bg-color has-text-color has-link-color has-medium-font-size wp-elements-56ac586ea6b0b81157b90c60fc5c5ad2\">       Creada por Decreto No. 469\/997 del 16 de diciembre de 1997 la condecoraci\u00f3n \u201cMedalla 18 de Mayo de 1811\u201d, tiene, como se establece en los \u201cconsiderandos\u201d del Decreto, la finalidad de complementar la actual medalla al \u201cM\u00e9rito Militar\u201d. A causa de las modificaciones t\u00e1citas al Decreto 469\/997 por el Decreto 113\/003 de 25 de marzo de 2003 y por el Reglamento de Ceremonial y Protocolo del Ej\u00e9rcito, aprobado por el Decreto 339\/003 de 19 de agosto de 2003, se derog\u00f3 el Decreto de 1997 por el Decreto N\u00b0 71\/019 aprobado el 28 de febrero de 2019 y publicado el 12 de marzo de ese a\u00f1o estableciendo la Distinci\u00f3n \u201cMedalla 18 de Mayo de 1811\u201d <\/p>\n\n\n\n<p class=\"has-medium-font-size\">Estructurada en tres grados, sus insignias se componen de venera, encomienda, barra y diploma.<\/p>\n\n\n\n<p class=\"has-medium-font-size\">Esta condecoraci\u00f3n no s\u00f3lo por su nombre recuerda la primera gran victoria del Gral. Artigas en su lucha por la independencia; sino que en su dise\u00f1o se incluyen elementos relacionados con esa tradici\u00f3n particular.<\/p>\n\n\n\n<p class=\"has-medium-font-size\">En su cinta se repite el dise\u00f1o de la \u201cBandera de los Pueblos Libres\u201d con una franja central blanca, flanqueada por dos franjas de color azul, cada una de \u00e9stas cargada con una divisa de color rojo.<\/p>\n\n\n\n<p class=\"has-medium-font-size\">En la venera encontramos que sobre un sol cruciforme color plata carga la escarapela de Artigas, de uso exclusivo para el Ej\u00e9rcito Nacional,. En el reverso, color plata, presenta un c\u00edrculo con la leyenda \u201cMEDALLA 18 DE MAYO DE 1811\u201d \u201cEJERCITO NACIONAL\u201d \u201cURUGUAY\u201d.<\/p>\n\n\n\n<p class=\"has-medium-font-size\">Para el tercer grado, la medalla es la descrita, para el segundo grado se agregan dos ramas de laurel en oro a los lados de la escarapela Artigas con lazo uni\u00e9ndolos en el mismo metal. En el primer grado, a lo anterior, se suma a las ramas de laurel tres estrellas de cinco puntas en oro.<\/p>\n\n\n\n<p class=\"has-medium-font-size\">Esta condecoraci\u00f3n es entregada por el Comandante en Jefe del Ej\u00e9rcito de acuerdo a una comisi\u00f3n asesora, otorg\u00e1ndose a militares y civiles, nacionales o extranjeros, en virtud de servicios distinguidos y servicios relevantes que los hagan acreedores al reconocimiento del Ej\u00e9rcito. En el caso del primer grado, esta condecoraci\u00f3n esta destinada a Oficiales Generales y similares civiles, el segundo grado a Oficiales Superiores y similares civiles, el tercer grado, a Jefes, Oficiales, Personal Subalterno y similares civiles.<\/p>\n\n\n\n<p class=\"has-white-color has-text-color has-medium-font-size\" style=\"padding-right:0;padding-left:0\">Jer\u00e1rquicamente es de inferior categor\u00eda con respecto la medalla al \u201cM\u00e9rito Militar\u201d.<\/p>\n\n\n\n<p class=\"has-small-font-size\" style=\"padding-right:0;padding-left:0\"><\/p>\n<\/div>\n<\/div><\/div>\n\n\n\n<div style=\"height:100px\" aria-hidden=\"true\" class=\"wp-block-spacer\"><\/div>\n\n\n\n<div id=\"wp-block-themeisle-blocks-advanced-columns-9beec531\" class=\"wp-block-themeisle-blocks-advanced-columns alignfull has-2-columns has-desktop-oneTwo-layout has-tablet-equal-layout has-mobile-collapsedRows-layout has-vertical-top ticss-a2946a77 has-dark-bg\"><div class=\"wp-block-themeisle-blocks-advanced-columns-overlay\"><\/div><div class=\"innerblocks-wrap\">\n<div id=\"wp-block-themeisle-blocks-advanced-column-46fca0bf\" class=\"wp-block-themeisle-blocks-advanced-column\">\n<p class=\"has-white-color has-text-color has-medium-font-size\" style=\"padding-right:0;padding-left:0\"><\/p>\n\n\n<div class=\"wp-block-image\">\n<figure class=\"aligncenter size-full\"><img loading=\"lazy\" decoding=\"async\" width=\"896\" height=\"312\" src=\"https:\/\/uuee.ejercito.mil.uy\/eehh\/wp-content\/uploads\/sites\/6\/2024\/11\/image9.jpg\" alt=\"\" class=\"wp-image-2894\" srcset=\"https:\/\/uuee.ejercito.mil.uy\/eehh\/wp-content\/uploads\/sites\/6\/2024\/11\/image9.jpg 896w, https:\/\/uuee.ejercito.mil.uy\/eehh\/wp-content\/uploads\/sites\/6\/2024\/11\/image9-300x104.jpg 300w, https:\/\/uuee.ejercito.mil.uy\/eehh\/wp-content\/uploads\/sites\/6\/2024\/11\/image9-768x267.jpg 768w\" sizes=\"auto, (max-width: 896px) 100vw, 896px\" \/><\/figure>\n<\/div><\/div>\n\n\n\n<div id=\"wp-block-themeisle-blocks-advanced-column-e7c17119\" class=\"wp-block-themeisle-blocks-advanced-column\">\n<p class=\"has-white-color has-text-color has-medium-font-size\" style=\"padding-right:0;padding-left:0\"><strong>La \u00abMedalla al Valor Militar\u00bb <\/strong><\/p>\n\n\n\n<p class=\"has-text-align-left has-nv-site-bg-color has-text-color has-link-color has-medium-font-size wp-elements-dc4379969311c254919e22e3606ef480\">La \u00faltima condecoraci\u00f3n creada en el marco del Ej\u00e9rcito Nacional, ha sido la Condecoraci\u00f3n \u00abMedalla al Valor Militar\u00bb, por Decreto No. 227\/007 del 25 de junio de 2007.<\/p>\n\n\n\n<p class=\"has-link-color has-medium-font-size wp-elements-ca7c09397d7f272888a0886de5fa6a52\">Esta condecoraci\u00f3n reviste un car\u00e1cter diferente a las anteriores pues, est\u00e1 destinada indistintamente a premiar tanto al Personal Superior como al Subalterno. Fue creada considerando que las otras dos vigentes, del \u201cMerito Militar\u201d y \u201c18 de Mayo de 1811\u201d no cubr\u00edan en su amplio espectro el reconocimiento de hechos o acciones sobresalientes en las que hayan intervenido miembros del Ej\u00e9rcito Nacional en el cumplimiento de sus funciones.<\/p>\n\n\n\n<p class=\"has-link-color has-medium-font-size wp-elements-16ac238c52a36c0bc6db36c960d8b483\">De esta forma, constituye no s\u00f3lo un reconocimiento a estos hechos o acciones sobresalientes, sino que busca que constituyan un notorio ejemplo para el resto de la fuerza. Est\u00e1 dividida en dos grados: primero \u201cHero\u00edsmo\u201d y segundo \u201cDestacado Valor\u201d; incluye, en el caso que corresponda, su concesi\u00f3n post mortem.<\/p>\n\n\n\n<p class=\"has-link-color has-medium-font-size wp-elements-b9fa54ae295b0722be5cdccc5ad9d912\">La condecoraci\u00f3n est\u00e1 compuesta de venera, cinta, barra, miniatura y diploma.<\/p>\n\n\n\n<p class=\"has-link-color has-medium-font-size wp-elements-e426712ed8ccb009d45a66a7536a3ed5\">La venera se compone de Cruz (griega) de brazos iguales, en metal con ba\u00f1o de oro, cargada en el centro con c\u00edrculo en azur cargado a su vez con un sol de ocho rayos en oro, orlado con una corona de laurel y de olivo unida por un lazo en el mismo metal. En el reverso, en oro presenta en el centro un c\u00edrculo que tendr\u00e1 grabado el nombre: \u201cMedalla al Valor Militar\u201d, Ej\u00e9rcito Nacional, Uruguay. En el Primer Grado \u201cHero\u00edsmo\u201d la cruz es en gules (rojo). En el Segundo Grado \u201cDestacado Valor\u201d la cruz es en plata.<\/p>\n\n\n\n<p class=\"has-link-color has-medium-font-size wp-elements-e09ab92dad5913896f9a23a80276acc9\">Esta condecoraci\u00f3n es concedida por el Comandante en Jefe del Ej\u00e9rcito Nacional, realizando la selecci\u00f3n con la colaboraci\u00f3n de una comisi\u00f3n asesora.<\/p>\n\n\n\n<p class=\"has-white-color has-text-color has-medium-font-size\" style=\"padding-right:0;padding-left:0\">Como en casos anteriores, tanto la venera como la cinta mantienen el uso de emplear los colores vinculados a la vexilolog\u00eda artiguista.<\/p>\n\n\n\n<p class=\"has-small-font-size\" style=\"padding-right:0;padding-left:0\"><\/p>\n<\/div>\n<\/div><\/div>\n","protected":false},"excerpt":{"rendered":"","protected":false},"author":1,"featured_media":0,"parent":0,"menu_order":0,"comment_status":"closed","ping_status":"closed","template":"","meta":{"neve_meta_sidebar":"","neve_meta_container":"","neve_meta_enable_content_width":"","neve_meta_content_width":0,"neve_meta_title_alignment":"","neve_meta_author_avatar":"","neve_post_elements_order":"","neve_meta_disable_header":"","neve_meta_disable_footer":"","neve_meta_disable_title":"on","_themeisle_gutenberg_block_has_review":false,"footnotes":""},"class_list":["post-776","page","type-page","status-publish","hentry"],"_links":{"self":[{"href":"https:\/\/uuee.ejercito.mil.uy\/eehh\/wp-json\/wp\/v2\/pages\/776","targetHints":{"allow":["GET"]}}],"collection":[{"href":"https:\/\/uuee.ejercito.mil.uy\/eehh\/wp-json\/wp\/v2\/pages"}],"about":[{"href":"https:\/\/uuee.ejercito.mil.uy\/eehh\/wp-json\/wp\/v2\/types\/page"}],"author":[{"embeddable":true,"href":"https:\/\/uuee.ejercito.mil.uy\/eehh\/wp-json\/wp\/v2\/users\/1"}],"replies":[{"embeddable":true,"href":"https:\/\/uuee.ejercito.mil.uy\/eehh\/wp-json\/wp\/v2\/comments?post=776"}],"version-history":[{"count":2,"href":"https:\/\/uuee.ejercito.mil.uy\/eehh\/wp-json\/wp\/v2\/pages\/776\/revisions"}],"predecessor-version":[{"id":3407,"href":"https:\/\/uuee.ejercito.mil.uy\/eehh\/wp-json\/wp\/v2\/pages\/776\/revisions\/3407"}],"wp:attachment":[{"href":"https:\/\/uuee.ejercito.mil.uy\/eehh\/wp-json\/wp\/v2\/media?parent=776"}],"curies":[{"name":"wp","href":"https:\/\/api.w.org\/{rel}","templated":true}]}}