{"id":377,"date":"2024-06-27T11:25:28","date_gmt":"2024-06-27T11:25:28","guid":{"rendered":"https:\/\/uuee.ejercito.mil.uy\/ecome\/?page_id=377"},"modified":"2024-06-28T12:08:51","modified_gmt":"2024-06-28T12:08:51","slug":"teniente-coronel-nestor-enrique-marrero-angelini","status":"publish","type":"page","link":"https:\/\/uuee.ejercito.mil.uy\/ecome\/teniente-coronel-nestor-enrique-marrero-angelini\/","title":{"rendered":"TTE. CNEL. NESTOR ENRIQUE MARRERO ANGELINI"},"content":{"rendered":"<div class=\"wp-block-image\">\n<figure class=\"aligncenter size-full\"><img loading=\"lazy\" decoding=\"async\" width=\"210\" height=\"253\" src=\"https:\/\/uuee.ejercito.mil.uy\/ecome\/wp-content\/uploads\/sites\/3\/2024\/06\/jefe-1.png\" alt=\"\" class=\"wp-image-452\" \/><\/figure>\n<\/div>\n\n\n<H5>INFORMACI\u00d3N GENERAL: <\/H5> \n<p>\n <b>Apellidos:<\/b> MARRERO ANGELINI <br> \n <b>Nombres:<\/b> NESTOR ENRIQUE <br>\n <b>Fecha de nacimiento:<\/b> 01 de Marzo de 1983 <br>\n <b>Lugar de nacimiento:<\/b> Pando, Canelones, Uruguay <br>\n<\/p>\n\n<h5>ESTUDIOS:<\/H5>\n<p>\n <b>Primaria:<\/b> Escuela N\u00ba194 Juan Antonio Lavalleja<br>\n <b>Secundaria:<\/b> Liceo N\u00ba1 Dr. Luis Alberto Brausse<br>\n <b>Terciarios:<\/b> Escuela Militar (Egresado del Arma de Comunicaciones)<br>\n <b>Otros:<\/b> <br>\n <b>Ingl\u00e9s:<\/b> EIIE Nivel: EXTE<br>\n <b>Italiano:<\/b> CASLI Nivel: EXTE<br>\n<\/P>\n\n<h5>EDUCACI\u00d3N FORMAL MILITAR:<\/h5>\n<p>\n 01MAR08 al 30ABR08 &#8211; <b>Preparaci\u00f3n de carga por v\u00eda mar\u00edtima y a\u00e9rea<\/b> &#8211; S.I.E., Uruguay <br>\n 30ABR09 al 30ABR09 &#8211; <b>Perito militar en en electr\u00f3nica y telecomunicaciones<\/b> &#8211; E.Com.E, Uruguay <br>\n 01MAR09 al 30ABR09 &#8211; <b>Tecn\u00f3logo militar en electr\u00f3nica y telecomunicaciones<\/b> &#8211; E.Com.E, Uruguay <br>\n 01MAR10 al 30ABR10 &#8211; <b>B\u00e1sico de inform\u00e1tica<\/b> &#8211; E.Com.E, Uruguay <br>\n 01MAY10 al 30MAY10 &#8211; <b>Avanzado de Inform\u00e1tica<\/b> &#8211; E.Com.E, Uruguay <br>\n 01MAR10 al 26NOV10 &#8211; <b>Tecn\u00f3logo militar en electr\u00f3nica y telecomunicaciones<\/b> &#8211; E.Com.E, Uruguay <br>\n 14FEB11 al 26NOV10 &#8211; <b>Jefe de sub-unidad de las armas y especialidades<\/b> &#8211; E.Com., Argentina <br>\n 13MAR12 al 13ABR12 &#8211; <b>B\u00e1sico de inteligencia para Ofles. &#8211; m\u00f3d.I &#8211; del analista<\/b> &#8211; E.I.E., Uruguay <br>\n 02MAR15 al 25NOV15 &#8211; <b>C.C.P.O (Cpo.Cdo.;Esc.Apy. Sub-Esc. Adm.;B.M.;Rva.)<\/b> &#8211; I.M.A.E., Uruguay<br>\n 15ABR16 al 07JUN16 &#8211; <b>Ciberseguridad<\/b> &#8211; Colegio de Defensa del Uruguay, Uruguay<br>\n 03ABR18 al 05OCT18 &#8211; <b>Capacitaci\u00f3n a distancia para capitanes<\/b> &#8211; Respectivos Destinos, Uruguay<br>\n 06MAY19 al 10MAY19 &#8211; <b>Ampliaci\u00f3n profesional para capitanes (fase I)<\/b> &#8211; I.M.A.E., Uruguay<br>\n 29ABR19 al 31MAY19 &#8211; <b>Defensa Cibernetica<\/b> &#8211; E.Com.E., Uruguay<br>\n 03JUN19 al 07JUN19 &#8211; <b>Ampliaci\u00f3n profesional para capitanes (fase II)<\/b> &#8211; I.M.A.E., Uruguay<br>\n 05AGO19 al 09AGO19 &#8211; <b>Ampliaci\u00f3n profesional para capitanes (fase III)<\/b> &#8211; I.M.A.E., Uruguay<br>\n 02SET19 al 06SET19 &#8211; <b>Ampliaci\u00f3n profesional para capitanes (fase IV)<\/b> &#8211; I.M.A.E., Uruguay<br>\n 08MAY19 al 02OCT19 &#8211; <b>Investigaci\u00f3n aplicada a las ciencias militares<\/b> &#8211; I.M.E.S, Uruguay<br>\n<\/p>\n\n<H5>ASCENSOS: <\/H5> \n<p>\n <b>Alf\u00e9rez<\/b> &#8211; 13 de Diciembre del 2006<br>\n <b>Teniente 2\u00ba<\/b> &#8211; 01 de Febrero del 2009<br>\n <b>Teniente 1\u00ba<\/b> &#8211; 01 de febrero del 2012<br>\n <b>Capit\u00e1n<\/b> &#8211; 01 de febrero del 2016<br>\n <b>Mayor<\/b> &#8211; 01 de Febrero del 2020<br>\n <b>Teniente Coronel<\/b> &#8211; 01 de Febrero del 2024\n<\/p>\n\n<h5> DESTINOS: <\/h5>\n<P>\n Alf\u00e9rez &#8211; Batall\u00f3n Libertad o Muerte de Comunicaciones N\u00ba1 &#8211; 13\/12\/2006 <br>\n Alf\u00e9rez &#8211; Batall\u00f3n Libertad o Muerte de Comunicaciones N\u00ba1, (Compa\u00f1\u00eda Operaciones de Comunicaciones) &#8211; 22\/12\/2006<br>\n Alf\u00e9rez &#8211; Batall\u00f3n de Apoyo y Servicio de Comunicaciones n\u00ba2 &#8211; 07\/04\/2008<br>\n Teniente Segundo &#8211; Batall\u00f3n de Apoyo y Servicio de Comunicaciones N\u00ba2 &#8211; 01\/02\/2009<br>\n Teniente Segundo &#8211; Escuela de Comunicaciones del Ej\u00e9rcito &#8211; 09\/02\/2009<br>\n Teniente Segundo &#8211; Escuela militar, Curso de Comunicaciones &#8211; 31\/01\/2011<br>\n Teniente Primero &#8211; Escuela militar, Curso de Comunicaciones &#8211; 01\/02\/2012<br>\n Teniente Primero &#8211; Batall\u00f3n de Apoyo y Servicio de Comunicaciones N\u00ba2  &#8211; 17\/01\/2014<br>\n Teniente Primero &#8211; Instituto militar de las Armas y Especialidades, Escuela de Capacitaci\u00f3n y Perfeccionamiento para Oficiales &#8211; 01\/02\/2015<br>\n Teniente Primero &#8211; Escuela de Comunicaciones del Ej\u00e9rcito &#8211; 15\/01\/2016<br>\n Capit\u00e1n &#8211; Escuela de Comunicaciones del Ej\u00e9rcito &#8211; 01\/02\/2016<br>\n Capit\u00e1n &#8211; Batall\u00f3n de Apoyo y Servicio de Comunicaciones N\u00ba2, Abastecimiento y Mantenimiento &#8211; 08\/08\/2017<br>\n Mayor &#8211; Segundo Jefe del Batall\u00f3n de Apoyo y Servicio de Comunicaciones N\u00ba2 &#8211; 01\/02\/2020<br>\n Mayor &#8211; instituto Militar de Estudios Superiores &#8211; 10\/03\/2022<br>\n Mayor &#8211; Servicio de Material y Armamento, Cuartel General &#8211; 01\/04\/2022<br>\n Mayor &#8211; Instituto Militar de Estudios Superiores, (Curso Para Jefes) &#8211; 08\/03\/2023<br>\n Teniente Coronel &#8211; Escuela de Comunicaciones del Ej\u00e9rcito &#8211; 16\/02\/2024 (actual)<br>\n<\/p>\n\n<h5> MISIONES EN EL EXTERIOR:<\/h5>\n<p>\n 08ABR14 al 17ENE15 &#8211; Hait\u00ed &#8211; Jefe de Secci\u00f3n Com.<br>\n \n<\/p>\n","protected":false},"excerpt":{"rendered":"<p>INFORMACI\u00d3N GENERAL: Apellidos: MARRERO ANGELINI Nombres: NESTOR ENRIQUE Fecha de nacimiento: 01 de Marzo de 1983 Lugar de nacimiento: Pando, Canelones, Uruguay ESTUDIOS: Primaria: Escuela N\u00ba194 Juan Antonio Lavalleja Secundaria: Liceo N\u00ba1 Dr. Luis Alberto Brausse Terciarios: Escuela Militar (Egresado del Arma de Comunicaciones) Otros: Ingl\u00e9s: EIIE Nivel: EXTE Italiano: CASLI Nivel: EXTE EDUCACI\u00d3N FORMAL&hellip;&nbsp;<a href=\"https:\/\/uuee.ejercito.mil.uy\/ecome\/teniente-coronel-nestor-enrique-marrero-angelini\/\" rel=\"bookmark\">Leer m\u00e1s &raquo;<span class=\"screen-reader-text\">TTE. CNEL. NESTOR ENRIQUE MARRERO ANGELINI<\/span><\/a><\/p>\n","protected":false},"author":4,"featured_media":0,"parent":0,"menu_order":0,"comment_status":"closed","ping_status":"closed","template":"","meta":{"neve_meta_sidebar":"","neve_meta_container":"","neve_meta_enable_content_width":"","neve_meta_content_width":0,"neve_meta_title_alignment":"","neve_meta_author_avatar":"","neve_post_elements_order":"","neve_meta_disable_header":"","neve_meta_disable_footer":"","neve_meta_disable_title":"","footnotes":""},"class_list":["post-377","page","type-page","status-publish","hentry"],"_links":{"self":[{"href":"https:\/\/uuee.ejercito.mil.uy\/ecome\/wp-json\/wp\/v2\/pages\/377","targetHints":{"allow":["GET"]}}],"collection":[{"href":"https:\/\/uuee.ejercito.mil.uy\/ecome\/wp-json\/wp\/v2\/pages"}],"about":[{"href":"https:\/\/uuee.ejercito.mil.uy\/ecome\/wp-json\/wp\/v2\/types\/page"}],"author":[{"embeddable":true,"href":"https:\/\/uuee.ejercito.mil.uy\/ecome\/wp-json\/wp\/v2\/users\/4"}],"replies":[{"embeddable":true,"href":"https:\/\/uuee.ejercito.mil.uy\/ecome\/wp-json\/wp\/v2\/comments?post=377"}],"version-history":[{"count":51,"href":"https:\/\/uuee.ejercito.mil.uy\/ecome\/wp-json\/wp\/v2\/pages\/377\/revisions"}],"predecessor-version":[{"id":513,"href":"https:\/\/uuee.ejercito.mil.uy\/ecome\/wp-json\/wp\/v2\/pages\/377\/revisions\/513"}],"wp:attachment":[{"href":"https:\/\/uuee.ejercito.mil.uy\/ecome\/wp-json\/wp\/v2\/media?parent=377"}],"curies":[{"name":"wp","href":"https:\/\/api.w.org\/{rel}","templated":true}]}}